{"id":3175,"date":"2020-11-05T18:49:01","date_gmt":"2020-11-05T18:49:01","guid":{"rendered":"https:\/\/avech.org\/?page_id=3175"},"modified":"2026-08-12T09:15:10","modified_gmt":"2026-08-12T13:15:10","slug":"cuadernos-de-china","status":"publish","type":"page","link":"https:\/\/avech.org\/en\/cuadernos-de-china\/","title":{"rendered":"Cuadernos de China"},"content":{"rendered":"<p><div class=\"fusion-fullwidth fullwidth-box fusion-builder-row-1 fusion-flex-container nonhundred-percent-fullwidth non-hundred-percent-height-scrolling\" style=\"--awb-background-position:left top;--awb-border-sizes-top:0px;--awb-border-sizes-bottom:0px;--awb-border-sizes-left:0px;--awb-border-sizes-right:0px;--awb-border-radius-top-left:0px;--awb-border-radius-top-right:0px;--awb-border-radius-bottom-right:0px;--awb-border-radius-bottom-left:0px;--awb-padding-top:90px;--awb-padding-bottom:20px;--awb-padding-top-medium:60px;--awb-flex-wrap:wrap;\" ><div class=\"fusion-builder-row fusion-row fusion-flex-align-items-flex-start fusion-flex-content-wrap\" style=\"max-width:1331.2px;margin-left: calc(-4% \/ 2 );margin-right: calc(-4% \/ 2 );\"><div class=\"fusion-layout-column fusion_builder_column fusion-builder-column-0 fusion_builder_column_1_6 1_6 fusion-flex-column fusion-no-small-visibility\" style=\"--awb-bg-size:cover;--awb-width-large:16.666666666667%;--awb-margin-top-large:10px;--awb-spacing-right-large:11.52%;--awb-margin-bottom-large:10px;--awb-spacing-left-large:11.52%;--awb-width-medium:100%;--awb-spacing-right-medium:1.92%;--awb-spacing-left-medium:1.92%;--awb-width-small:100%;--awb-spacing-right-small:1.92%;--awb-spacing-left-small:1.92%;\"><div class=\"fusion-column-wrapper fusion-flex-justify-content-flex-start fusion-content-layout-column\"><\/div><\/div><div class=\"fusion-layout-column fusion_builder_column fusion-builder-column-1 fusion_builder_column_2_3 2_3 fusion-flex-column\" style=\"--awb-bg-size:cover;--awb-width-large:66.666666666667%;--awb-margin-top-large:10px;--awb-spacing-right-large:2.88%;--awb-margin-bottom-large:30px;--awb-spacing-left-large:2.88%;--awb-width-medium:100%;--awb-spacing-right-medium:1.92%;--awb-spacing-left-medium:1.92%;--awb-width-small:100%;--awb-spacing-right-small:1.92%;--awb-spacing-left-small:1.92%;\"><div class=\"fusion-column-wrapper fusion-flex-justify-content-flex-start fusion-content-layout-column\"><div class=\"fusion-title title fusion-title-1 fusion-sep-none fusion-title-center fusion-title-text fusion-title-size-one\" style=\"--awb-margin-top-small:10px;--awb-margin-right-small:0px;--awb-margin-bottom-small:20px;--awb-margin-left-small:0px;\"><h1 class=\"fusion-title-heading title-heading-center fusion-responsive-typography-calculated\" style=\"margin:0;--fontSize:55;line-height:1.15;\"><p>Cuadernos de China<br \/>\n\u4e2d\u56fd\u7b14\u8bb0<\/p><\/h1><\/div><div class=\"fusion-separator\" style=\"align-self: center;margin-left: auto;margin-right: auto;margin-top:15px;margin-bottom:35px;width:100%;max-width:170px;\"><div class=\"fusion-separator-border sep-single sep-solid\" style=\"--awb-height:20px;--awb-amount:20px;--awb-sep-color:#ef9a3d;border-color:#ef9a3d;border-top-width:1px;\"><\/div><\/div><div class=\"fusion-separator\" style=\"align-self: center;margin-left: auto;margin-right: auto;margin-top:0px;margin-bottom:15px;width:100%;max-width:170px;\"><\/div><div class=\"fusion-text fusion-text-1\" style=\"--awb-text-color:#000000;\"><p style=\"text-align: justify;\">Es la publicaci\u00f3n acad\u00e9mica oficial de la <strong>Asociaci\u00f3n Venezolana de Estudios sobre China (AVECH) \u59d4\u5185\u745e\u62c9\u4e2d\u56fd\u7814\u7a76\u4f1a<\/strong> dedicados a la divulgaci\u00f3n de estudios sobre pol\u00edtica, relaciones internacionales, econom\u00eda, sociedad, ciencia y tecnolog\u00eda y cultura de China, entre otros t\u00f3picos propios de los estudios chinos recientes. Su edici\u00f3n, est\u00e1 a cargo de un Comit\u00e9 Editorial coordinado desde el <strong>Centro de Estudios de \u00c1frica, Asia y Di\u00e1sporas Latinoamericanas y Caribe\u00f1as \u201cDr. Jos\u00e9 Manuel Brice\u00f1o Monzillo\u201d (CEAA)<\/strong>, de la <strong>Universidad de Los Andes (ULA), M\u00e9rida \u2013 Venezuela.<\/strong><\/p>\n<\/div><\/div><\/div><div class=\"fusion-layout-column fusion_builder_column fusion-builder-column-2 fusion_builder_column_1_6 1_6 fusion-flex-column fusion-no-small-visibility\" style=\"--awb-bg-size:cover;--awb-width-large:16.666666666667%;--awb-margin-top-large:10px;--awb-spacing-right-large:11.52%;--awb-margin-bottom-large:10px;--awb-spacing-left-large:11.52%;--awb-width-medium:100%;--awb-spacing-right-medium:1.92%;--awb-spacing-left-medium:1.92%;--awb-width-small:100%;--awb-spacing-right-small:1.92%;--awb-spacing-left-small:1.92%;\"><div class=\"fusion-column-wrapper fusion-flex-justify-content-flex-start fusion-content-layout-column\"><div class=\"fusion-separator fusion-full-width-sep\" style=\"align-self: center;margin-left: auto;margin-right: auto;margin-top:20px;width:100%;\"><\/div><\/div><\/div><\/div><\/div><div class=\"fusion-fullwidth fullwidth-box fusion-builder-row-2 fusion-flex-container nonhundred-percent-fullwidth non-hundred-percent-height-scrolling\" style=\"--awb-background-position:left top;--awb-border-sizes-top:0px;--awb-border-sizes-bottom:0px;--awb-border-sizes-left:0px;--awb-border-sizes-right:0px;--awb-border-radius-top-left:0px;--awb-border-radius-top-right:0px;--awb-border-radius-bottom-right:0px;--awb-border-radius-bottom-left:0px;--awb-padding-top:90px;--awb-padding-right:50px;--awb-padding-bottom:20px;--awb-padding-left:50px;--awb-padding-top-medium:60px;--awb-flex-wrap:wrap;\" ><div class=\"fusion-builder-row fusion-row fusion-flex-align-items-center fusion-flex-justify-content-center fusion-flex-content-wrap\" style=\"max-width:1331.2px;margin-left: calc(-4% \/ 2 );margin-right: calc(-4% \/ 2 );\"><div class=\"fusion-layout-column fusion_builder_column fusion-builder-column-3 fusion_builder_column_1_3 1_3 fusion-flex-column fusion-no-small-visibility\" style=\"--awb-bg-size:cover;--awb-width-large:33.333333333333%;--awb-margin-top-large:10px;--awb-spacing-right-large:5.76%;--awb-margin-bottom-large:10px;--awb-spacing-left-large:5.76%;--awb-width-medium:100%;--awb-spacing-right-medium:1.92%;--awb-spacing-left-medium:1.92%;--awb-width-small:100%;--awb-spacing-right-small:1.92%;--awb-spacing-left-small:1.92%;\"><div class=\"fusion-column-wrapper fusion-flex-justify-content-flex-start fusion-content-layout-column\"><div class=\"fusion-image-element\" style=\"text-align:center;--awb-max-width:300px;--awb-caption-title-font-family:var(--h2_typography-font-family);--awb-caption-title-font-weight:var(--h2_typography-font-weight);--awb-caption-title-font-style:var(--h2_typography-font-style);--awb-caption-title-size:var(--h2_typography-font-size);--awb-caption-title-transform:var(--h2_typography-text-transform);--awb-caption-title-line-height:var(--h2_typography-line-height);--awb-caption-title-letter-spacing:var(--h2_typography-letter-spacing);\"><span class=\"fusion-imageframe imageframe-none imageframe-1 hover-type-none\"><a class=\"fusion-no-lightbox\" href=\"https:\/\/avech.org\/en\/mitologias-de-la-antigua-china\/\" target=\"_self\" aria-label=\"Cuaderno_de_China_1_Min\"><img decoding=\"async\" width=\"450\" height=\"691\" src=\"https:\/\/avech.org\/wp-content\/uploads\/2020\/09\/Cuaderno_de_China_1_Min.png\" data-orig-src=\"https:\/\/avech.org\/wp-content\/uploads\/2020\/09\/Cuaderno_de_China_1_Min.png\" alt class=\"lazyload img-responsive wp-image-2714\" srcset=\"data:image\/svg+xml,%3Csvg%20xmlns%3D%27http%3A%2F%2Fwww.w3.org%2F2000%2Fsvg%27%20width%3D%27450%27%20height%3D%27691%27%20viewBox%3D%270%200%20450%20691%27%3E%3Crect%20width%3D%27450%27%20height%3D%27691%27%20fill-opacity%3D%220%22%2F%3E%3C%2Fsvg%3E\" data-srcset=\"https:\/\/avech.org\/wp-content\/uploads\/2020\/09\/Cuaderno_de_China_1_Min-200x307.png 200w, https:\/\/avech.org\/wp-content\/uploads\/2020\/09\/Cuaderno_de_China_1_Min-400x614.png 400w, https:\/\/avech.org\/wp-content\/uploads\/2020\/09\/Cuaderno_de_China_1_Min.png 450w\" data-sizes=\"auto\" data-orig-sizes=\"(max-width: 1024px) 100vw, (max-width: 640px) 100vw, 400px\" \/><\/a><\/span><\/div><\/div><\/div><div class=\"fusion-layout-column fusion_builder_column fusion-builder-column-4 fusion_builder_column_2_3 2_3 fusion-flex-column\" style=\"--awb-bg-size:cover;--awb-width-large:66.666666666667%;--awb-margin-top-large:10px;--awb-spacing-right-large:2.88%;--awb-margin-bottom-large:30px;--awb-spacing-left-large:2.88%;--awb-width-medium:100%;--awb-spacing-right-medium:1.92%;--awb-spacing-left-medium:1.92%;--awb-width-small:100%;--awb-spacing-right-small:1.92%;--awb-spacing-left-small:1.92%;\"><div class=\"fusion-column-wrapper fusion-flex-justify-content-flex-start fusion-content-layout-column\"><div class=\"fusion-title title fusion-title-2 fusion-sep-none fusion-title-text fusion-title-size-three\" style=\"--awb-margin-top-small:10px;--awb-margin-right-small:0px;--awb-margin-bottom-small:20px;--awb-margin-left-small:0px;\"><h3 class=\"fusion-title-heading title-heading-left fusion-responsive-typography-calculated\" style=\"margin:0;--fontSize:24;line-height:1.4;\">Las mitolog\u00edas de la antigua China: Pluralidad, humanizaci\u00f3n y didactismo<\/h3><\/div><div class=\"fusion-title title fusion-title-3 fusion-sep-none fusion-title-text fusion-title-size-four\" style=\"--awb-margin-top-small:10px;--awb-margin-right-small:0px;--awb-margin-bottom-small:20px;--awb-margin-left-small:0px;\"><h4 class=\"fusion-title-heading title-heading-left fusion-responsive-typography-calculated\" style=\"margin:0;--fontSize:15;--minFontSize:15;line-height:1.67;\">Julio L\u00f3pez Saco<\/h4><\/div><div class=\"fusion-text fusion-text-2\"><p style=\"text-align: justify;\">En la China de la antig\u00fcedad debe hablarse de mitolog\u00edas, debido a que las mismas han pertenecido a diferentes clanes. Esto propici\u00f3 la ausencia de un material mitol\u00f3gico sistem\u00e1tico. Nunca hubo recopiladores mitogr\u00e1ficos. Esas mitolog\u00edas presentan un car\u00e1cter fragmentario; se encuentran dispersas en obras literarias y repertorios iconogr\u00e1ficos no uniformizados. Su car\u00e1cter anecd\u00f3tico y did\u00e1ctico ha sido un atributo, pues en numerosas ocasiones los mitos fueron empleados como paradigmas por el Confucianismo. China no produjo ninguna mitolog\u00eda (un sistema de mitos), hasta la \u00e9poca Han, cuando los letrados confucianos, siguiendo sus ideales pol\u00edticos, confeccionaron una mitolog\u00eda historizada y racionalizada.<\/p>\n<\/div><div class=\"fusion-separator\" style=\"align-self: center;margin-left: auto;margin-right: auto;margin-top:0px;margin-bottom:15px;width:100%;max-width:170px;\"><\/div><div style=\"text-align:center;\"><a class=\"fusion-button button-flat button-medium button-default fusion-button-default button-1 fusion-button-span-no fusion-button-default-type\" target=\"_self\" href=\"https:\/\/avech.org\/en\/mitologias-de-la-antigua-china\/\"><span class=\"fusion-button-text awb-button__text awb-button__text--default\">M\u00e1s Informaci\u00f3n<\/span><\/a><\/div><\/div><\/div><\/div><\/div><div class=\"fusion-fullwidth fullwidth-box fusion-builder-row-3 fusion-flex-container nonhundred-percent-fullwidth non-hundred-percent-height-scrolling\" style=\"--awb-background-position:left top;--awb-border-sizes-top:0px;--awb-border-sizes-bottom:0px;--awb-border-sizes-left:0px;--awb-border-sizes-right:0px;--awb-border-radius-top-left:0px;--awb-border-radius-top-right:0px;--awb-border-radius-bottom-right:0px;--awb-border-radius-bottom-left:0px;--awb-padding-top:90px;--awb-padding-right:50px;--awb-padding-bottom:20px;--awb-padding-left:50px;--awb-padding-top-medium:60px;--awb-flex-wrap:wrap;\" ><div class=\"fusion-builder-row fusion-row fusion-flex-align-items-center fusion-flex-justify-content-center fusion-flex-content-wrap\" style=\"max-width:1331.2px;margin-left: calc(-4% \/ 2 );margin-right: calc(-4% \/ 2 );\"><div class=\"fusion-layout-column fusion_builder_column fusion-builder-column-5 fusion_builder_column_2_3 2_3 fusion-flex-column\" style=\"--awb-bg-size:cover;--awb-width-large:66.666666666667%;--awb-margin-top-large:10px;--awb-spacing-right-large:2.88%;--awb-margin-bottom-large:30px;--awb-spacing-left-large:2.88%;--awb-width-medium:100%;--awb-spacing-right-medium:1.92%;--awb-spacing-left-medium:1.92%;--awb-width-small:100%;--awb-spacing-right-small:1.92%;--awb-spacing-left-small:1.92%;\"><div class=\"fusion-column-wrapper fusion-flex-justify-content-flex-start fusion-content-layout-column\"><div class=\"fusion-title title fusion-title-4 fusion-sep-none fusion-title-text fusion-title-size-three\" style=\"--awb-margin-top-small:10px;--awb-margin-right-small:0px;--awb-margin-bottom-small:20px;--awb-margin-left-small:0px;\"><h3 class=\"fusion-title-heading title-heading-left fusion-responsive-typography-calculated\" style=\"margin:0;--fontSize:24;line-height:1.4;\">Develando los secretos de la pagoda del Templo de Famen en la Provincia de Shaanxi<\/h3><\/div><div class=\"fusion-title title fusion-title-5 fusion-sep-none fusion-title-text fusion-title-size-four\" style=\"--awb-margin-top-small:10px;--awb-margin-right-small:0px;--awb-margin-bottom-small:20px;--awb-margin-left-small:0px;\"><h4 class=\"fusion-title-heading title-heading-left fusion-responsive-typography-calculated\" style=\"margin:0;--fontSize:15;--minFontSize:15;line-height:1.67;\">Walburga Mar\u00eda Wiesheu<\/h4><\/div><div class=\"fusion-text fusion-text-3\"><p style=\"text-align: justify;\">Severamente afectada por un terremoto y unas lluvias fuertes, en 1981 la pagoda de ladrillos de Famensi (Templo de la Puerta del Dharma) colaps\u00f3, y al intervenir en 1987 los arque\u00f3logos descubrieron un contexto sellado del a\u00f1o 874 en su \u201cPalacio Subterr\u00e1neo\u201d (Digong) construido en la forma de una tumba china. Sus reliquias de supuestos huesos de dedo del Buda hist\u00f3rico y los suntuosos objetos intactos, posiblemente donados por diversos emperadores, se consideran como uno de los descubrimientos m\u00e1s importantes de la arqueolog\u00eda china durante el siglo XX y fueron declarados como la Novena Maravilla por la UNESCO. Actualmente Famensi y su pagoda, reconstruida en este siglo, asimismo se han convertido en un importante lugar de peregrinaci\u00f3n. En este trabajo describiremos dichos hallazgos extraordinarios y delinearemos su relaci\u00f3n con el budismo esot\u00e9rico y las pr\u00e1cticas rituales de veneraci\u00f3n de reliquias por parte de miembros de la corte imperial, as\u00ed como su uso pol\u00edtico por emperadores que pretendieron establecer un Reino de Buda en el Este de Asia, en especial la famosa Emperatriz Wu Zetian de la dinast\u00eda Tang.<\/p>\n<\/div><div class=\"fusion-separator\" style=\"align-self: center;margin-left: auto;margin-right: auto;margin-top:0px;margin-bottom:15px;width:100%;max-width:170px;\"><\/div><div style=\"text-align:center;\"><a class=\"fusion-button button-flat button-medium button-default fusion-button-default button-2 fusion-button-span-no fusion-button-default-type\" target=\"_self\" href=\"https:\/\/avech.org\/en\/pagoda-del-templo-de-famen\/\"><span class=\"fusion-button-text awb-button__text awb-button__text--default\">M\u00e1s Informaci\u00f3n<\/span><\/a><\/div><\/div><\/div><div class=\"fusion-layout-column fusion_builder_column fusion-builder-column-6 fusion_builder_column_1_3 1_3 fusion-flex-column fusion-no-small-visibility\" style=\"--awb-bg-size:cover;--awb-width-large:33.333333333333%;--awb-margin-top-large:10px;--awb-spacing-right-large:5.76%;--awb-margin-bottom-large:10px;--awb-spacing-left-large:5.76%;--awb-width-medium:100%;--awb-spacing-right-medium:1.92%;--awb-spacing-left-medium:1.92%;--awb-width-small:100%;--awb-spacing-right-small:1.92%;--awb-spacing-left-small:1.92%;\"><div class=\"fusion-column-wrapper fusion-flex-justify-content-flex-start fusion-content-layout-column\"><div class=\"fusion-image-element\" style=\"text-align:center;--awb-max-width:300px;--awb-caption-title-font-family:var(--h2_typography-font-family);--awb-caption-title-font-weight:var(--h2_typography-font-weight);--awb-caption-title-font-style:var(--h2_typography-font-style);--awb-caption-title-size:var(--h2_typography-font-size);--awb-caption-title-transform:var(--h2_typography-text-transform);--awb-caption-title-line-height:var(--h2_typography-line-height);--awb-caption-title-letter-spacing:var(--h2_typography-letter-spacing);\"><span class=\"fusion-imageframe imageframe-none imageframe-2 hover-type-none\"><a class=\"fusion-no-lightbox\" href=\"https:\/\/avech.org\/en\/pagoda-del-templo-de-famen\/\" target=\"_self\" aria-label=\"Cuaderno_de_China_2_Min\"><img decoding=\"async\" width=\"450\" height=\"691\" src=\"https:\/\/avech.org\/wp-content\/uploads\/2020\/09\/Cuaderno_de_China_2_Min.png\" data-orig-src=\"https:\/\/avech.org\/wp-content\/uploads\/2020\/09\/Cuaderno_de_China_2_Min.png\" alt class=\"lazyload img-responsive wp-image-2715\" srcset=\"data:image\/svg+xml,%3Csvg%20xmlns%3D%27http%3A%2F%2Fwww.w3.org%2F2000%2Fsvg%27%20width%3D%27450%27%20height%3D%27691%27%20viewBox%3D%270%200%20450%20691%27%3E%3Crect%20width%3D%27450%27%20height%3D%27691%27%20fill-opacity%3D%220%22%2F%3E%3C%2Fsvg%3E\" data-srcset=\"https:\/\/avech.org\/wp-content\/uploads\/2020\/09\/Cuaderno_de_China_2_Min-200x307.png 200w, https:\/\/avech.org\/wp-content\/uploads\/2020\/09\/Cuaderno_de_China_2_Min-400x614.png 400w, https:\/\/avech.org\/wp-content\/uploads\/2020\/09\/Cuaderno_de_China_2_Min.png 450w\" data-sizes=\"auto\" data-orig-sizes=\"(max-width: 1024px) 100vw, (max-width: 640px) 100vw, 400px\" \/><\/a><\/span><\/div><\/div><\/div><\/div><\/div><div class=\"fusion-fullwidth fullwidth-box fusion-builder-row-4 fusion-flex-container nonhundred-percent-fullwidth non-hundred-percent-height-scrolling\" style=\"--awb-background-position:left top;--awb-border-sizes-top:0px;--awb-border-sizes-bottom:0px;--awb-border-sizes-left:0px;--awb-border-sizes-right:0px;--awb-border-radius-top-left:0px;--awb-border-radius-top-right:0px;--awb-border-radius-bottom-right:0px;--awb-border-radius-bottom-left:0px;--awb-padding-top:90px;--awb-padding-right:50px;--awb-padding-bottom:20px;--awb-padding-left:50px;--awb-padding-top-medium:60px;--awb-flex-wrap:wrap;\" ><div class=\"fusion-builder-row fusion-row fusion-flex-align-items-center fusion-flex-justify-content-center fusion-flex-content-wrap\" style=\"max-width:1331.2px;margin-left: calc(-4% \/ 2 );margin-right: calc(-4% \/ 2 );\"><div class=\"fusion-layout-column fusion_builder_column fusion-builder-column-7 fusion_builder_column_1_3 1_3 fusion-flex-column fusion-no-small-visibility\" style=\"--awb-bg-size:cover;--awb-width-large:33.333333333333%;--awb-margin-top-large:10px;--awb-spacing-right-large:5.76%;--awb-margin-bottom-large:10px;--awb-spacing-left-large:5.76%;--awb-width-medium:100%;--awb-spacing-right-medium:1.92%;--awb-spacing-left-medium:1.92%;--awb-width-small:100%;--awb-spacing-right-small:1.92%;--awb-spacing-left-small:1.92%;\"><div class=\"fusion-column-wrapper fusion-flex-justify-content-flex-start fusion-content-layout-column\"><div class=\"fusion-image-element\" style=\"text-align:center;--awb-max-width:300px;--awb-caption-title-font-family:var(--h2_typography-font-family);--awb-caption-title-font-weight:var(--h2_typography-font-weight);--awb-caption-title-font-style:var(--h2_typography-font-style);--awb-caption-title-size:var(--h2_typography-font-size);--awb-caption-title-transform:var(--h2_typography-text-transform);--awb-caption-title-line-height:var(--h2_typography-line-height);--awb-caption-title-letter-spacing:var(--h2_typography-letter-spacing);\"><span class=\"fusion-imageframe imageframe-none imageframe-3 hover-type-none\"><a class=\"fusion-no-lightbox\" href=\"https:\/\/avech.org\/en\/china-latinoamerica-relacion-transformadora\/\" target=\"_self\" aria-label=\"Cuaderno_de_China_3_Min\"><img decoding=\"async\" width=\"450\" height=\"691\" src=\"https:\/\/avech.org\/wp-content\/uploads\/2020\/09\/Cuaderno_de_China_3_Min.png\" data-orig-src=\"https:\/\/avech.org\/wp-content\/uploads\/2020\/09\/Cuaderno_de_China_3_Min.png\" alt class=\"lazyload img-responsive wp-image-2716\" srcset=\"data:image\/svg+xml,%3Csvg%20xmlns%3D%27http%3A%2F%2Fwww.w3.org%2F2000%2Fsvg%27%20width%3D%27450%27%20height%3D%27691%27%20viewBox%3D%270%200%20450%20691%27%3E%3Crect%20width%3D%27450%27%20height%3D%27691%27%20fill-opacity%3D%220%22%2F%3E%3C%2Fsvg%3E\" data-srcset=\"https:\/\/avech.org\/wp-content\/uploads\/2020\/09\/Cuaderno_de_China_3_Min-200x307.png 200w, https:\/\/avech.org\/wp-content\/uploads\/2020\/09\/Cuaderno_de_China_3_Min-400x614.png 400w, https:\/\/avech.org\/wp-content\/uploads\/2020\/09\/Cuaderno_de_China_3_Min.png 450w\" data-sizes=\"auto\" data-orig-sizes=\"(max-width: 1024px) 100vw, (max-width: 640px) 100vw, 400px\" \/><\/a><\/span><\/div><\/div><\/div><div class=\"fusion-layout-column fusion_builder_column fusion-builder-column-8 fusion_builder_column_2_3 2_3 fusion-flex-column\" style=\"--awb-bg-size:cover;--awb-width-large:66.666666666667%;--awb-margin-top-large:10px;--awb-spacing-right-large:2.88%;--awb-margin-bottom-large:30px;--awb-spacing-left-large:2.88%;--awb-width-medium:100%;--awb-spacing-right-medium:1.92%;--awb-spacing-left-medium:1.92%;--awb-width-small:100%;--awb-spacing-right-small:1.92%;--awb-spacing-left-small:1.92%;\"><div class=\"fusion-column-wrapper fusion-flex-justify-content-flex-start fusion-content-layout-column\"><div class=\"fusion-title title fusion-title-6 fusion-sep-none fusion-title-text fusion-title-size-three\" style=\"--awb-margin-top-small:10px;--awb-margin-right-small:0px;--awb-margin-bottom-small:20px;--awb-margin-left-small:0px;\"><h3 class=\"fusion-title-heading title-heading-left fusion-responsive-typography-calculated\" style=\"margin:0;--fontSize:24;line-height:1.4;\">China y Latinoam\u00e9rica: Una relaci\u00f3n transformadora del orden global<\/h3><\/div><div class=\"fusion-title title fusion-title-7 fusion-sep-none fusion-title-text fusion-title-size-four\" style=\"--awb-margin-top-small:10px;--awb-margin-right-small:0px;--awb-margin-bottom-small:20px;--awb-margin-left-small:0px;\"><h4 class=\"fusion-title-heading title-heading-left fusion-responsive-typography-calculated\" style=\"margin:0;--fontSize:15;--minFontSize:15;line-height:1.67;\">Xulio R\u00edos<\/h4><\/div><div class=\"fusion-text fusion-text-4\"><p style=\"text-align: justify;\">Las relaciones entre China y Am\u00e9rica Latina se encuentran en un momento clave. La intensificaci\u00f3n de los v\u00ednculos registrada en las dos \u00faltimas d\u00e9cadas ha incentivado los intercambios pol\u00edticos, econ\u00f3micos, culturales y en otros \u00e1mbitos. La Iniciativa de la Franja y la Ruta promueve una mayor conexi\u00f3n entre China y Am\u00e9rica Latina que sirva de base para incubar un gran mercado que facilite el comercio y la inversi\u00f3n. Am\u00e9rica Latina quiere que China sea un socio preferente para elevar su capacidad de innovaci\u00f3n e impulsar un nuevo ciclo de industrializaci\u00f3n que acreciente su autonom\u00eda geopol\u00edtica. Las dificultades para concertar una perspectiva com\u00fan en los pa\u00edses de la regi\u00f3n frente a China no son pocas. Adem\u00e1s, EEUU observa con mucho recelo el crecimiento de la presencia e influencia del gigante asi\u00e1tico en el hemisferio. Gobiernos y sociedades de la regi\u00f3n afrontan el reto de articular la gesti\u00f3n de sus intereses equilibrando el papel de los actores tradicionales, entre los cuales se encuentra Espa\u00f1a.<\/p>\n<\/div><div class=\"fusion-separator\" style=\"align-self: center;margin-left: auto;margin-right: auto;margin-top:0px;margin-bottom:15px;width:100%;max-width:170px;\"><\/div><div style=\"text-align:center;\"><a class=\"fusion-button button-flat button-medium button-default fusion-button-default button-3 fusion-button-span-no fusion-button-default-type\" target=\"_self\" href=\"https:\/\/avech.org\/en\/china-latinoamerica-relacion-transformadora\/\"><span class=\"fusion-button-text awb-button__text awb-button__text--default\">M\u00e1s Informaci\u00f3n<\/span><\/a><\/div><\/div><\/div><\/div><\/div><div class=\"fusion-fullwidth fullwidth-box fusion-builder-row-5 fusion-flex-container nonhundred-percent-fullwidth non-hundred-percent-height-scrolling\" style=\"--awb-background-position:left top;--awb-border-sizes-top:0px;--awb-border-sizes-bottom:0px;--awb-border-sizes-left:0px;--awb-border-sizes-right:0px;--awb-border-radius-top-left:0px;--awb-border-radius-top-right:0px;--awb-border-radius-bottom-right:0px;--awb-border-radius-bottom-left:0px;--awb-padding-top:90px;--awb-padding-right:50px;--awb-padding-bottom:20px;--awb-padding-left:50px;--awb-padding-top-medium:60px;--awb-flex-wrap:wrap;\" ><div class=\"fusion-builder-row fusion-row fusion-flex-align-items-center fusion-flex-justify-content-center fusion-flex-content-wrap\" style=\"max-width:1331.2px;margin-left: calc(-4% \/ 2 );margin-right: calc(-4% \/ 2 );\"><div class=\"fusion-layout-column fusion_builder_column fusion-builder-column-9 fusion_builder_column_2_3 2_3 fusion-flex-column\" style=\"--awb-bg-size:cover;--awb-width-large:66.666666666667%;--awb-margin-top-large:10px;--awb-spacing-right-large:2.88%;--awb-margin-bottom-large:30px;--awb-spacing-left-large:2.88%;--awb-width-medium:100%;--awb-spacing-right-medium:1.92%;--awb-spacing-left-medium:1.92%;--awb-width-small:100%;--awb-spacing-right-small:1.92%;--awb-spacing-left-small:1.92%;\"><div class=\"fusion-column-wrapper fusion-flex-justify-content-flex-start fusion-content-layout-column\"><div class=\"fusion-title title fusion-title-8 fusion-sep-none fusion-title-text fusion-title-size-three\" style=\"--awb-margin-top-small:10px;--awb-margin-right-small:0px;--awb-margin-bottom-small:20px;--awb-margin-left-small:0px;\"><h3 class=\"fusion-title-heading title-heading-left fusion-responsive-typography-calculated\" style=\"margin:0;--fontSize:24;line-height:1.4;\">China y la planificaci\u00f3n familiar: La pol\u00edtica del hijo \u00fanico<\/h3><\/div><div class=\"fusion-title title fusion-title-9 fusion-sep-none fusion-title-text fusion-title-size-four\" style=\"--awb-margin-top-small:10px;--awb-margin-right-small:0px;--awb-margin-bottom-small:20px;--awb-margin-left-small:0px;\"><h4 class=\"fusion-title-heading title-heading-left fusion-responsive-typography-calculated\" style=\"margin:0;--fontSize:15;--minFontSize:15;line-height:1.67;\">Ram\u00f3n Alonso Dugarte Rangel<\/h4><\/div><div class=\"fusion-text fusion-text-5\"><p style=\"text-align: justify;\">Al proclamarse la Rep\u00fablica Popular China en 1949 entre sus objetivos en el \u00e1mbito demogr\u00e1fico estuvieron reducir la mortalidad, incrementar la esperanza de vida y controlar a la sobrepoblaci\u00f3n. Para ello, desde 1956 se aplicaron una serie de pol\u00edticas o campa\u00f1as de planificaci\u00f3n familiar buscando evitar el crecimiento poblacional descontrolado. En 1979 se aprob\u00f3 la cuarta de estas campa\u00f1as que incluy\u00f3 la pol\u00edtica del hijo \u00fanico, vigente hasta el 2015. Nuestra intenci\u00f3n es presentar un balance de las pol\u00edticas de planificaci\u00f3n familiar en China, estudiando para ello los aspectos te\u00f3ricos de la transici\u00f3n demogr\u00e1fica, repasando brevemente cada una de las mencionadas campa\u00f1as, detallando las particularidades de la pol\u00edtica del hijo \u00fanico, y por \u00faltimo, analizamos las consecuencias.<\/p>\n<\/div><div class=\"fusion-separator\" style=\"align-self: center;margin-left: auto;margin-right: auto;margin-top:0px;margin-bottom:15px;width:100%;max-width:170px;\"><\/div><div style=\"text-align:center;\"><a class=\"fusion-button button-flat button-medium button-default fusion-button-default button-4 fusion-button-span-no fusion-button-default-type\" target=\"_self\" href=\"https:\/\/avech.org\/en\/china-y-la-planificacion-familiar\/\"><span class=\"fusion-button-text awb-button__text awb-button__text--default\">M\u00e1s Informaci\u00f3n<\/span><\/a><\/div><\/div><\/div><div class=\"fusion-layout-column fusion_builder_column fusion-builder-column-10 fusion_builder_column_1_3 1_3 fusion-flex-column fusion-no-small-visibility\" style=\"--awb-bg-size:cover;--awb-width-large:33.333333333333%;--awb-margin-top-large:10px;--awb-spacing-right-large:5.76%;--awb-margin-bottom-large:10px;--awb-spacing-left-large:5.76%;--awb-width-medium:100%;--awb-spacing-right-medium:1.92%;--awb-spacing-left-medium:1.92%;--awb-width-small:100%;--awb-spacing-right-small:1.92%;--awb-spacing-left-small:1.92%;\"><div class=\"fusion-column-wrapper fusion-flex-justify-content-flex-start fusion-content-layout-column\"><div class=\"fusion-image-element\" style=\"text-align:center;--awb-max-width:300px;--awb-caption-title-font-family:var(--h2_typography-font-family);--awb-caption-title-font-weight:var(--h2_typography-font-weight);--awb-caption-title-font-style:var(--h2_typography-font-style);--awb-caption-title-size:var(--h2_typography-font-size);--awb-caption-title-transform:var(--h2_typography-text-transform);--awb-caption-title-line-height:var(--h2_typography-line-height);--awb-caption-title-letter-spacing:var(--h2_typography-letter-spacing);\"><span class=\"fusion-imageframe imageframe-none imageframe-4 hover-type-none\"><a class=\"fusion-no-lightbox\" href=\"https:\/\/avech.org\/en\/china-y-la-planificacion-familiar\/\" target=\"_self\" aria-label=\"Cuaderno_de_China_4_Min\"><img decoding=\"async\" width=\"450\" height=\"691\" src=\"https:\/\/avech.org\/wp-content\/uploads\/2020\/09\/Cuaderno_de_China_4_Min.png\" data-orig-src=\"https:\/\/avech.org\/wp-content\/uploads\/2020\/09\/Cuaderno_de_China_4_Min.png\" alt class=\"lazyload img-responsive wp-image-2717\" srcset=\"data:image\/svg+xml,%3Csvg%20xmlns%3D%27http%3A%2F%2Fwww.w3.org%2F2000%2Fsvg%27%20width%3D%27450%27%20height%3D%27691%27%20viewBox%3D%270%200%20450%20691%27%3E%3Crect%20width%3D%27450%27%20height%3D%27691%27%20fill-opacity%3D%220%22%2F%3E%3C%2Fsvg%3E\" data-srcset=\"https:\/\/avech.org\/wp-content\/uploads\/2020\/09\/Cuaderno_de_China_4_Min-200x307.png 200w, https:\/\/avech.org\/wp-content\/uploads\/2020\/09\/Cuaderno_de_China_4_Min-400x614.png 400w, https:\/\/avech.org\/wp-content\/uploads\/2020\/09\/Cuaderno_de_China_4_Min.png 450w\" data-sizes=\"auto\" data-orig-sizes=\"(max-width: 1024px) 100vw, (max-width: 640px) 100vw, 400px\" \/><\/a><\/span><\/div><\/div><\/div><\/div><\/div><div class=\"fusion-fullwidth fullwidth-box fusion-builder-row-6 fusion-flex-container nonhundred-percent-fullwidth non-hundred-percent-height-scrolling\" style=\"--awb-background-position:left top;--awb-border-sizes-top:0px;--awb-border-sizes-bottom:0px;--awb-border-sizes-left:0px;--awb-border-sizes-right:0px;--awb-border-radius-top-left:0px;--awb-border-radius-top-right:0px;--awb-border-radius-bottom-right:0px;--awb-border-radius-bottom-left:0px;--awb-padding-top:90px;--awb-padding-right:50px;--awb-padding-bottom:20px;--awb-padding-left:50px;--awb-padding-top-medium:60px;--awb-flex-wrap:wrap;\" ><div class=\"fusion-builder-row fusion-row fusion-flex-align-items-center fusion-flex-justify-content-center fusion-flex-content-wrap\" style=\"max-width:1331.2px;margin-left: calc(-4% \/ 2 );margin-right: calc(-4% \/ 2 );\"><div class=\"fusion-layout-column fusion_builder_column fusion-builder-column-11 fusion_builder_column_1_3 1_3 fusion-flex-column fusion-no-small-visibility\" style=\"--awb-bg-size:cover;--awb-width-large:33.333333333333%;--awb-margin-top-large:10px;--awb-spacing-right-large:5.76%;--awb-margin-bottom-large:10px;--awb-spacing-left-large:5.76%;--awb-width-medium:100%;--awb-spacing-right-medium:1.92%;--awb-spacing-left-medium:1.92%;--awb-width-small:100%;--awb-spacing-right-small:1.92%;--awb-spacing-left-small:1.92%;\"><div class=\"fusion-column-wrapper fusion-flex-justify-content-flex-start fusion-content-layout-column\"><div class=\"fusion-image-element\" style=\"text-align:center;--awb-max-width:300px;--awb-caption-title-font-family:var(--h2_typography-font-family);--awb-caption-title-font-weight:var(--h2_typography-font-weight);--awb-caption-title-font-style:var(--h2_typography-font-style);--awb-caption-title-size:var(--h2_typography-font-size);--awb-caption-title-transform:var(--h2_typography-text-transform);--awb-caption-title-line-height:var(--h2_typography-line-height);--awb-caption-title-letter-spacing:var(--h2_typography-letter-spacing);\"><span class=\"fusion-imageframe imageframe-none imageframe-5 hover-type-none\"><a class=\"fusion-no-lightbox\" href=\"https:\/\/avech.org\/en\/china-ruta-de-la-seda-sanitaria\/\" target=\"_self\" aria-label=\"Cuaderno_de_China_5_Min\"><img decoding=\"async\" width=\"450\" height=\"691\" src=\"https:\/\/avech.org\/wp-content\/uploads\/2020\/09\/Cuaderno_de_China_5_Min-1.png\" data-orig-src=\"https:\/\/avech.org\/wp-content\/uploads\/2020\/09\/Cuaderno_de_China_5_Min-1.png\" alt class=\"lazyload img-responsive wp-image-2728\" srcset=\"data:image\/svg+xml,%3Csvg%20xmlns%3D%27http%3A%2F%2Fwww.w3.org%2F2000%2Fsvg%27%20width%3D%27450%27%20height%3D%27691%27%20viewBox%3D%270%200%20450%20691%27%3E%3Crect%20width%3D%27450%27%20height%3D%27691%27%20fill-opacity%3D%220%22%2F%3E%3C%2Fsvg%3E\" data-srcset=\"https:\/\/avech.org\/wp-content\/uploads\/2020\/09\/Cuaderno_de_China_5_Min-1-200x307.png 200w, https:\/\/avech.org\/wp-content\/uploads\/2020\/09\/Cuaderno_de_China_5_Min-1-400x614.png 400w, https:\/\/avech.org\/wp-content\/uploads\/2020\/09\/Cuaderno_de_China_5_Min-1.png 450w\" data-sizes=\"auto\" data-orig-sizes=\"(max-width: 1024px) 100vw, (max-width: 640px) 100vw, 400px\" \/><\/a><\/span><\/div><\/div><\/div><div class=\"fusion-layout-column fusion_builder_column fusion-builder-column-12 fusion_builder_column_2_3 2_3 fusion-flex-column\" style=\"--awb-bg-size:cover;--awb-width-large:66.666666666667%;--awb-margin-top-large:10px;--awb-spacing-right-large:2.88%;--awb-margin-bottom-large:30px;--awb-spacing-left-large:2.88%;--awb-width-medium:100%;--awb-spacing-right-medium:1.92%;--awb-spacing-left-medium:1.92%;--awb-width-small:100%;--awb-spacing-right-small:1.92%;--awb-spacing-left-small:1.92%;\"><div class=\"fusion-column-wrapper fusion-flex-justify-content-flex-start fusion-content-layout-column\"><div class=\"fusion-title title fusion-title-10 fusion-sep-none fusion-title-text fusion-title-size-three\" style=\"--awb-margin-top-small:10px;--awb-margin-right-small:0px;--awb-margin-bottom-small:20px;--awb-margin-left-small:0px;\"><h3 class=\"fusion-title-heading title-heading-left fusion-responsive-typography-calculated\" style=\"margin:0;--fontSize:24;line-height:1.4;\">China y la Ruta de la Seda Sanitaria en momentos de Covid-19<\/h3><\/div><div class=\"fusion-title title fusion-title-11 fusion-sep-none fusion-title-text fusion-title-size-four\" style=\"--awb-margin-top-small:10px;--awb-margin-right-small:0px;--awb-margin-bottom-small:20px;--awb-margin-left-small:0px;\"><h4 class=\"fusion-title-heading title-heading-left fusion-responsive-typography-calculated\" style=\"margin:0;--fontSize:15;--minFontSize:15;line-height:1.67;\">Sunamis Fabelo Concepci\u00f3n y Ruvislei Gonz\u00e1lez Saez<\/h4><\/div><div class=\"fusion-text fusion-text-6\"><p style=\"text-align: justify;\">El avance de la pandemia Covid-19 ha reforzado la necesidad de promover la cooperaci\u00f3n sanitaria. China se ha destacado por su colaboraci\u00f3n m\u00e9dica internacional. Esta ha sido objeto de cr\u00edticas por parte de Estados Unidos esencialmente. En medio de este escenario, se profundizan los ataques con un marcado enfoque geopol\u00edtico contra Beijing. El trabajo se propone exponer los principales elementos que demuestran los esfuerzos de China en el sector de la salud sobre la base de la cooperaci\u00f3n y la complementariedad y que pueden ser consolidados en el marco del avance de la Ruta de la Seda Sanitaria.<\/p>\n<\/div><div class=\"fusion-separator\" style=\"align-self: center;margin-left: auto;margin-right: auto;margin-top:0px;margin-bottom:15px;width:100%;max-width:170px;\"><\/div><div style=\"text-align:center;\"><a class=\"fusion-button button-flat button-medium button-default fusion-button-default button-5 fusion-button-span-no fusion-button-default-type\" target=\"_self\" href=\"https:\/\/avech.org\/en\/china-ruta-de-la-seda-sanitaria\/\"><span class=\"fusion-button-text awb-button__text awb-button__text--default\">M\u00e1s Informaci\u00f3n<\/span><\/a><\/div><\/div><\/div><\/div><\/div><div class=\"fusion-fullwidth fullwidth-box fusion-builder-row-7 fusion-flex-container nonhundred-percent-fullwidth non-hundred-percent-height-scrolling\" style=\"--awb-background-position:left top;--awb-border-sizes-top:0px;--awb-border-sizes-bottom:0px;--awb-border-sizes-left:0px;--awb-border-sizes-right:0px;--awb-border-radius-top-left:0px;--awb-border-radius-top-right:0px;--awb-border-radius-bottom-right:0px;--awb-border-radius-bottom-left:0px;--awb-padding-top:90px;--awb-padding-right:50px;--awb-padding-bottom:20px;--awb-padding-left:50px;--awb-padding-top-medium:60px;--awb-flex-wrap:wrap;\" ><div class=\"fusion-builder-row fusion-row fusion-flex-align-items-center fusion-flex-justify-content-center fusion-flex-content-wrap\" style=\"max-width:1331.2px;margin-left: calc(-4% \/ 2 );margin-right: calc(-4% \/ 2 );\"><div class=\"fusion-layout-column fusion_builder_column fusion-builder-column-13 fusion_builder_column_2_3 2_3 fusion-flex-column\" style=\"--awb-bg-size:cover;--awb-width-large:66.666666666667%;--awb-margin-top-large:10px;--awb-spacing-right-large:2.88%;--awb-margin-bottom-large:30px;--awb-spacing-left-large:2.88%;--awb-width-medium:100%;--awb-spacing-right-medium:1.92%;--awb-spacing-left-medium:1.92%;--awb-width-small:100%;--awb-spacing-right-small:1.92%;--awb-spacing-left-small:1.92%;\"><div class=\"fusion-column-wrapper fusion-flex-justify-content-flex-start fusion-content-layout-column\"><div class=\"fusion-title title fusion-title-12 fusion-sep-none fusion-title-text fusion-title-size-three\" style=\"--awb-margin-top-small:10px;--awb-margin-right-small:0px;--awb-margin-bottom-small:20px;--awb-margin-left-small:0px;\"><h3 class=\"fusion-title-heading title-heading-left fusion-responsive-typography-calculated\" style=\"margin:0;--fontSize:24;line-height:1.4;\">\u00bfDesafi\u00f3 China a Estados Unidos prematuramente?<\/h3><\/div><div class=\"fusion-title title fusion-title-13 fusion-sep-none fusion-title-text fusion-title-size-four\" style=\"--awb-margin-top-small:10px;--awb-margin-right-small:0px;--awb-margin-bottom-small:20px;--awb-margin-left-small:0px;\"><h4 class=\"fusion-title-heading title-heading-left fusion-responsive-typography-calculated\" style=\"margin:0;--fontSize:15;--minFontSize:15;line-height:1.67;\">Alfredo Toro Hardy<\/h4><\/div><div class=\"fusion-text fusion-text-7\"><p style=\"text-align: justify;\">Este trabajo sintetiza lo esencial del contenido de mi nuevo libro China versus the US: Who Will Prevail?* El mismo busca fundamentalmente responder a las siguientes dos preguntas: \u00bfDesafi\u00f3 China a Estados Unidos demasiado pronto y, al hacerlo, atrajo sobre si problemas que dificultar\u00e1n en gran medida la materializaci\u00f3n de sus objetivos? \u00bfResulta, por el contrario, demasiado tarde para que Estados Unidos pueda contener el ascenso de China?<\/p>\n<\/div><div class=\"fusion-separator\" style=\"align-self: center;margin-left: auto;margin-right: auto;margin-top:0px;margin-bottom:15px;width:100%;max-width:170px;\"><\/div><div style=\"text-align:center;\"><a class=\"fusion-button button-flat button-medium button-default fusion-button-default button-6 fusion-button-span-no fusion-button-default-type\" target=\"_self\" href=\"https:\/\/avech.org\/en\/desafio-china-a-estados-unidos\/\"><span class=\"fusion-button-text awb-button__text awb-button__text--default\">M\u00e1s Informaci\u00f3n<\/span><\/a><\/div><\/div><\/div><div class=\"fusion-layout-column fusion_builder_column fusion-builder-column-14 fusion_builder_column_1_3 1_3 fusion-flex-column fusion-no-small-visibility\" style=\"--awb-bg-size:cover;--awb-width-large:33.333333333333%;--awb-margin-top-large:10px;--awb-spacing-right-large:5.76%;--awb-margin-bottom-large:10px;--awb-spacing-left-large:5.76%;--awb-width-medium:100%;--awb-spacing-right-medium:1.92%;--awb-spacing-left-medium:1.92%;--awb-width-small:100%;--awb-spacing-right-small:1.92%;--awb-spacing-left-small:1.92%;\"><div class=\"fusion-column-wrapper fusion-flex-justify-content-flex-start fusion-content-layout-column\"><div class=\"fusion-image-element\" style=\"text-align:center;--awb-max-width:300px;--awb-caption-title-font-family:var(--h2_typography-font-family);--awb-caption-title-font-weight:var(--h2_typography-font-weight);--awb-caption-title-font-style:var(--h2_typography-font-style);--awb-caption-title-size:var(--h2_typography-font-size);--awb-caption-title-transform:var(--h2_typography-text-transform);--awb-caption-title-line-height:var(--h2_typography-line-height);--awb-caption-title-letter-spacing:var(--h2_typography-letter-spacing);\"><span class=\"fusion-imageframe imageframe-none imageframe-6 hover-type-none\"><a class=\"fusion-no-lightbox\" href=\"https:\/\/avech.org\/en\/desafio-china-a-estados-unidos\/\" target=\"_self\" aria-label=\"Portada_Cuaderno_de_China_6-min\"><img decoding=\"async\" width=\"450\" height=\"691\" src=\"https:\/\/avech.org\/wp-content\/uploads\/2021\/01\/Portada_Cuaderno_de_China_6-min.png\" data-orig-src=\"https:\/\/avech.org\/wp-content\/uploads\/2021\/01\/Portada_Cuaderno_de_China_6-min.png\" alt class=\"lazyload img-responsive wp-image-4032\" srcset=\"data:image\/svg+xml,%3Csvg%20xmlns%3D%27http%3A%2F%2Fwww.w3.org%2F2000%2Fsvg%27%20width%3D%27450%27%20height%3D%27691%27%20viewBox%3D%270%200%20450%20691%27%3E%3Crect%20width%3D%27450%27%20height%3D%27691%27%20fill-opacity%3D%220%22%2F%3E%3C%2Fsvg%3E\" data-srcset=\"https:\/\/avech.org\/wp-content\/uploads\/2021\/01\/Portada_Cuaderno_de_China_6-min-200x307.png 200w, https:\/\/avech.org\/wp-content\/uploads\/2021\/01\/Portada_Cuaderno_de_China_6-min-400x614.png 400w, https:\/\/avech.org\/wp-content\/uploads\/2021\/01\/Portada_Cuaderno_de_China_6-min.png 450w\" data-sizes=\"auto\" data-orig-sizes=\"(max-width: 1024px) 100vw, (max-width: 640px) 100vw, 400px\" \/><\/a><\/span><\/div><\/div><\/div><\/div><\/div><div class=\"fusion-fullwidth fullwidth-box fusion-builder-row-8 fusion-flex-container nonhundred-percent-fullwidth non-hundred-percent-height-scrolling\" style=\"--awb-background-position:left top;--awb-border-sizes-top:0px;--awb-border-sizes-bottom:0px;--awb-border-sizes-left:0px;--awb-border-sizes-right:0px;--awb-border-radius-top-left:0px;--awb-border-radius-top-right:0px;--awb-border-radius-bottom-right:0px;--awb-border-radius-bottom-left:0px;--awb-padding-top:90px;--awb-padding-right:50px;--awb-padding-bottom:20px;--awb-padding-left:50px;--awb-padding-top-medium:60px;--awb-flex-wrap:wrap;\" ><div class=\"fusion-builder-row fusion-row fusion-flex-align-items-center fusion-flex-justify-content-center fusion-flex-content-wrap\" style=\"max-width:1331.2px;margin-left: calc(-4% \/ 2 );margin-right: calc(-4% \/ 2 );\"><div class=\"fusion-layout-column fusion_builder_column fusion-builder-column-15 fusion_builder_column_1_3 1_3 fusion-flex-column fusion-no-small-visibility\" style=\"--awb-bg-size:cover;--awb-width-large:33.333333333333%;--awb-margin-top-large:10px;--awb-spacing-right-large:5.76%;--awb-margin-bottom-large:10px;--awb-spacing-left-large:5.76%;--awb-width-medium:100%;--awb-spacing-right-medium:1.92%;--awb-spacing-left-medium:1.92%;--awb-width-small:100%;--awb-spacing-right-small:1.92%;--awb-spacing-left-small:1.92%;\"><div class=\"fusion-column-wrapper fusion-flex-justify-content-flex-start fusion-content-layout-column\"><div class=\"fusion-image-element\" style=\"text-align:center;--awb-max-width:300px;--awb-caption-title-font-family:var(--h2_typography-font-family);--awb-caption-title-font-weight:var(--h2_typography-font-weight);--awb-caption-title-font-style:var(--h2_typography-font-style);--awb-caption-title-size:var(--h2_typography-font-size);--awb-caption-title-transform:var(--h2_typography-text-transform);--awb-caption-title-line-height:var(--h2_typography-line-height);--awb-caption-title-letter-spacing:var(--h2_typography-letter-spacing);\"><span class=\"fusion-imageframe imageframe-none imageframe-7 hover-type-none\"><a class=\"fusion-no-lightbox\" href=\"https:\/\/avech.org\/en\/estrategias-de-asociacion-comercial\/\" target=\"_self\" aria-label=\"Portada_Cuadernos_de_China_7-min\"><img decoding=\"async\" width=\"450\" height=\"691\" src=\"https:\/\/avech.org\/wp-content\/uploads\/2021\/01\/Portada_Cuadernos_de_China_7-min.png\" data-orig-src=\"https:\/\/avech.org\/wp-content\/uploads\/2021\/01\/Portada_Cuadernos_de_China_7-min.png\" alt class=\"lazyload img-responsive wp-image-4029\" srcset=\"data:image\/svg+xml,%3Csvg%20xmlns%3D%27http%3A%2F%2Fwww.w3.org%2F2000%2Fsvg%27%20width%3D%27450%27%20height%3D%27691%27%20viewBox%3D%270%200%20450%20691%27%3E%3Crect%20width%3D%27450%27%20height%3D%27691%27%20fill-opacity%3D%220%22%2F%3E%3C%2Fsvg%3E\" data-srcset=\"https:\/\/avech.org\/wp-content\/uploads\/2021\/01\/Portada_Cuadernos_de_China_7-min-200x307.png 200w, https:\/\/avech.org\/wp-content\/uploads\/2021\/01\/Portada_Cuadernos_de_China_7-min-400x614.png 400w, https:\/\/avech.org\/wp-content\/uploads\/2021\/01\/Portada_Cuadernos_de_China_7-min.png 450w\" data-sizes=\"auto\" data-orig-sizes=\"(max-width: 1024px) 100vw, (max-width: 640px) 100vw, 400px\" \/><\/a><\/span><\/div><\/div><\/div><div class=\"fusion-layout-column fusion_builder_column fusion-builder-column-16 fusion_builder_column_2_3 2_3 fusion-flex-column\" style=\"--awb-bg-size:cover;--awb-width-large:66.666666666667%;--awb-margin-top-large:10px;--awb-spacing-right-large:2.88%;--awb-margin-bottom-large:30px;--awb-spacing-left-large:2.88%;--awb-width-medium:100%;--awb-spacing-right-medium:1.92%;--awb-spacing-left-medium:1.92%;--awb-width-small:100%;--awb-spacing-right-small:1.92%;--awb-spacing-left-small:1.92%;\"><div class=\"fusion-column-wrapper fusion-flex-justify-content-flex-start fusion-content-layout-column\"><div class=\"fusion-title title fusion-title-14 fusion-sep-none fusion-title-text fusion-title-size-three\" style=\"--awb-margin-top-small:10px;--awb-margin-right-small:0px;--awb-margin-bottom-small:20px;--awb-margin-left-small:0px;\"><h3 class=\"fusion-title-heading title-heading-left fusion-responsive-typography-calculated\" style=\"margin:0;--fontSize:24;line-height:1.4;\">Estrategias de Asociaci\u00f3n Comercial China-Am\u00e9rica Latina: Bases, situaci\u00f3n y perspectivas para la regi\u00f3n<\/h3><\/div><div class=\"fusion-title title fusion-title-15 fusion-sep-none fusion-title-text fusion-title-size-four\" style=\"--awb-margin-top-small:10px;--awb-margin-right-small:0px;--awb-margin-bottom-small:20px;--awb-margin-left-small:0px;\"><h4 class=\"fusion-title-heading title-heading-left fusion-responsive-typography-calculated\" style=\"margin:0;--fontSize:15;--minFontSize:15;line-height:1.67;\">Oscar E. Fern\u00e1ndez-Guill\u00e9n<\/h4><\/div><div class=\"fusion-text fusion-text-8\"><p style=\"text-align: justify;\">Empleando una investigaci\u00f3n documental y cuantitativa apoyada en el an\u00e1lisis de publicaciones (acad\u00e9micas, oficiales e informativas) y variables de econom\u00eda internacional, el estudio identifica las bases que sustentan la renovaci\u00f3n de las relaciones diplom\u00e1ticas entre China y Am\u00e9rica Latina con los albores del siglo XXI, en un contexto simbi\u00f3tico de crecientes intereses geoecon\u00f3micos chinos y reformulaciones geopol\u00edticas latinoamericanas. Se constata que la acelerada profundizaci\u00f3n de estos v\u00ednculos responde a una estrategia de asociaci\u00f3n econ\u00f3mica ejecutada por Pek\u00edn a trav\u00e9s de la cooperaci\u00f3n omnidireccional con dos caracter\u00edsticas generales: 1) su fin es complementar las fortalezas nacionales para alcanzar el desarrollo de las partes y 2) se practica de manera diferenciada seg\u00fan la contribuci\u00f3n de los socios a los intereses estrat\u00e9gicos chinos. Entre otras cosas, concluye que el aprovechamiento de los beneficios ofrecidos por la cooperaci\u00f3n econ\u00f3mica china depende de la responsabilidad, el compromiso y la respuesta de los Estados latinoamericanos a nivel de sus propios intereses y pol\u00edticas dom\u00e9sticas.<\/p>\n<\/div><div class=\"fusion-separator\" style=\"align-self: center;margin-left: auto;margin-right: auto;margin-top:0px;margin-bottom:15px;width:100%;max-width:170px;\"><\/div><div style=\"text-align:center;\"><a class=\"fusion-button button-flat button-medium button-default fusion-button-default button-7 fusion-button-span-no fusion-button-default-type\" target=\"_self\" href=\"https:\/\/avech.org\/en\/estrategias-de-asociacion-comercial\/\"><span class=\"fusion-button-text awb-button__text awb-button__text--default\">M\u00e1s Informaci\u00f3n<\/span><\/a><\/div><\/div><\/div><\/div><\/div><div class=\"fusion-fullwidth fullwidth-box fusion-builder-row-9 fusion-flex-container nonhundred-percent-fullwidth non-hundred-percent-height-scrolling\" style=\"--awb-background-position:left top;--awb-border-sizes-top:0px;--awb-border-sizes-bottom:0px;--awb-border-sizes-left:0px;--awb-border-sizes-right:0px;--awb-border-radius-top-left:0px;--awb-border-radius-top-right:0px;--awb-border-radius-bottom-right:0px;--awb-border-radius-bottom-left:0px;--awb-padding-top:90px;--awb-padding-right:50px;--awb-padding-bottom:20px;--awb-padding-left:50px;--awb-padding-top-medium:60px;--awb-flex-wrap:wrap;\" ><div class=\"fusion-builder-row fusion-row fusion-flex-align-items-center fusion-flex-justify-content-center fusion-flex-content-wrap\" style=\"max-width:1331.2px;margin-left: calc(-4% \/ 2 );margin-right: calc(-4% \/ 2 );\"><div class=\"fusion-layout-column fusion_builder_column fusion-builder-column-17 fusion_builder_column_2_3 2_3 fusion-flex-column\" style=\"--awb-bg-size:cover;--awb-width-large:66.666666666667%;--awb-margin-top-large:10px;--awb-spacing-right-large:2.88%;--awb-margin-bottom-large:30px;--awb-spacing-left-large:2.88%;--awb-width-medium:100%;--awb-spacing-right-medium:1.92%;--awb-spacing-left-medium:1.92%;--awb-width-small:100%;--awb-spacing-right-small:1.92%;--awb-spacing-left-small:1.92%;\"><div class=\"fusion-column-wrapper fusion-flex-justify-content-flex-start fusion-content-layout-column\"><div class=\"fusion-title title fusion-title-16 fusion-sep-none fusion-title-text fusion-title-size-three\" style=\"--awb-margin-top-small:10px;--awb-margin-right-small:0px;--awb-margin-bottom-small:20px;--awb-margin-left-small:0px;\"><h3 class=\"fusion-title-heading title-heading-left fusion-responsive-typography-calculated\" style=\"margin:0;--fontSize:24;line-height:1.4;\">La pol\u00edtica exterior china hacia \u00c1frica,\u00a01949-2018<\/h3><\/div><div class=\"fusion-title title fusion-title-17 fusion-sep-none fusion-title-text fusion-title-size-four\" style=\"--awb-margin-top-small:10px;--awb-margin-right-small:0px;--awb-margin-bottom-small:20px;--awb-margin-left-small:0px;\"><h4 class=\"fusion-title-heading title-heading-left fusion-responsive-typography-calculated\" style=\"margin:0;--fontSize:15;--minFontSize:15;line-height:1.67;\">Nelson Garc\u00eda Pern\u00eda<\/h4><\/div><div class=\"fusion-text fusion-text-9\"><div class=\"fusion-text fusion-text-1\">\n<p style=\"text-align: justify;\">Una vez que se proclam\u00f3 la fundaci\u00f3n de la Rep\u00fablica Popular China en octubre de 1949, este pa\u00eds inici\u00f3 un proceso gradual de acercamiento hacia los pa\u00edses del \u201cTercer Mundo\u201d, pese al aislamiento internacional que experiment\u00f3 y que fue superado con el reconocimiento, como gobierno leg\u00edtimo del pueblo chino, en la Organizaci\u00f3n de las Naciones Unidas en 1971. En este sentido, el presente trabajo tiene como objetivo analizar la pol\u00edtica exterior china hacia el continente africano, atendiendo a los imperativos que la motiv\u00f3: en un principio, por razones ideol\u00f3gicas, al apoyar a los movimientos de liberaci\u00f3n. Posteriormente, se dio paso a una relaci\u00f3n m\u00e1s de car\u00e1cter econ\u00f3mico, influenciada por el programa de reforma y apertura iniciado en 1978. Mientras que, en el siglo XXI, el v\u00ednculo sino \u2013 africano entr\u00f3 en una nueva fase con la creaci\u00f3n del Foro de Cooperaci\u00f3n China \u2013 \u00c1frica (FOCAC), el cual ha redefinido el accionar de Pek\u00edn hacia este continente al atender los m\u00faltiples frentes de la cooperaci\u00f3n bilateral y multilateral.<\/p>\n<\/div>\n<\/div><div class=\"fusion-separator\" style=\"align-self: center;margin-left: auto;margin-right: auto;margin-top:0px;margin-bottom:15px;width:100%;max-width:170px;\"><\/div><div style=\"text-align:center;\"><a class=\"fusion-button button-flat button-medium button-default fusion-button-default button-8 fusion-button-span-no fusion-button-default-type\" target=\"_self\" href=\"https:\/\/avech.org\/en\/la-politica-exterior-china-hacia-africa-1949-2018\/\"><span class=\"fusion-button-text awb-button__text awb-button__text--default\">M\u00e1s Informaci\u00f3n<\/span><\/a><\/div><\/div><\/div><div class=\"fusion-layout-column fusion_builder_column fusion-builder-column-18 fusion_builder_column_1_3 1_3 fusion-flex-column fusion-no-small-visibility\" style=\"--awb-bg-size:cover;--awb-width-large:33.333333333333%;--awb-margin-top-large:10px;--awb-spacing-right-large:5.76%;--awb-margin-bottom-large:10px;--awb-spacing-left-large:5.76%;--awb-width-medium:100%;--awb-spacing-right-medium:1.92%;--awb-spacing-left-medium:1.92%;--awb-width-small:100%;--awb-spacing-right-small:1.92%;--awb-spacing-left-small:1.92%;\"><div class=\"fusion-column-wrapper fusion-flex-justify-content-flex-start fusion-content-layout-column\"><div class=\"fusion-image-element\" style=\"text-align:center;--awb-max-width:300px;--awb-caption-title-font-family:var(--h2_typography-font-family);--awb-caption-title-font-weight:var(--h2_typography-font-weight);--awb-caption-title-font-style:var(--h2_typography-font-style);--awb-caption-title-size:var(--h2_typography-font-size);--awb-caption-title-transform:var(--h2_typography-text-transform);--awb-caption-title-line-height:var(--h2_typography-line-height);--awb-caption-title-letter-spacing:var(--h2_typography-letter-spacing);\"><span class=\"fusion-imageframe imageframe-none imageframe-8 hover-type-none\"><a class=\"fusion-no-lightbox\" href=\"https:\/\/avech.org\/en\/la-politica-exterior-china-hacia-africa-1949-2018\/\" target=\"_self\" aria-label=\"3D_-_Portada_Cuadernos_de_China_N\u00ba_8-min\"><img decoding=\"async\" width=\"450\" height=\"691\" src=\"https:\/\/avech.org\/wp-content\/uploads\/2021\/06\/3D_-_Portada_Cuadernos_de_China_No_8-min.png\" data-orig-src=\"https:\/\/avech.org\/wp-content\/uploads\/2021\/06\/3D_-_Portada_Cuadernos_de_China_No_8-min.png\" alt class=\"lazyload img-responsive wp-image-4600\" srcset=\"data:image\/svg+xml,%3Csvg%20xmlns%3D%27http%3A%2F%2Fwww.w3.org%2F2000%2Fsvg%27%20width%3D%27450%27%20height%3D%27691%27%20viewBox%3D%270%200%20450%20691%27%3E%3Crect%20width%3D%27450%27%20height%3D%27691%27%20fill-opacity%3D%220%22%2F%3E%3C%2Fsvg%3E\" data-srcset=\"https:\/\/avech.org\/wp-content\/uploads\/2021\/06\/3D_-_Portada_Cuadernos_de_China_No_8-min-200x307.png 200w, https:\/\/avech.org\/wp-content\/uploads\/2021\/06\/3D_-_Portada_Cuadernos_de_China_No_8-min-400x614.png 400w, https:\/\/avech.org\/wp-content\/uploads\/2021\/06\/3D_-_Portada_Cuadernos_de_China_No_8-min.png 450w\" data-sizes=\"auto\" data-orig-sizes=\"(max-width: 1024px) 100vw, (max-width: 640px) 100vw, 400px\" \/><\/a><\/span><\/div><\/div><\/div><\/div><\/div><div class=\"fusion-fullwidth fullwidth-box fusion-builder-row-10 fusion-flex-container nonhundred-percent-fullwidth non-hundred-percent-height-scrolling\" style=\"--awb-background-position:left top;--awb-border-sizes-top:0px;--awb-border-sizes-bottom:0px;--awb-border-sizes-left:0px;--awb-border-sizes-right:0px;--awb-border-radius-top-left:0px;--awb-border-radius-top-right:0px;--awb-border-radius-bottom-right:0px;--awb-border-radius-bottom-left:0px;--awb-padding-top:90px;--awb-padding-right:50px;--awb-padding-bottom:20px;--awb-padding-left:50px;--awb-padding-top-medium:60px;--awb-flex-wrap:wrap;\" ><div class=\"fusion-builder-row fusion-row fusion-flex-align-items-center fusion-flex-justify-content-center fusion-flex-content-wrap\" style=\"max-width:1331.2px;margin-left: calc(-4% \/ 2 );margin-right: calc(-4% \/ 2 );\"><div class=\"fusion-layout-column fusion_builder_column fusion-builder-column-19 fusion_builder_column_1_3 1_3 fusion-flex-column fusion-no-small-visibility\" style=\"--awb-bg-size:cover;--awb-width-large:33.333333333333%;--awb-margin-top-large:10px;--awb-spacing-right-large:5.76%;--awb-margin-bottom-large:10px;--awb-spacing-left-large:5.76%;--awb-width-medium:100%;--awb-spacing-right-medium:1.92%;--awb-spacing-left-medium:1.92%;--awb-width-small:100%;--awb-spacing-right-small:1.92%;--awb-spacing-left-small:1.92%;\"><div class=\"fusion-column-wrapper fusion-flex-justify-content-flex-start fusion-content-layout-column\"><div class=\"fusion-image-element\" style=\"text-align:center;--awb-max-width:300px;--awb-caption-title-font-family:var(--h2_typography-font-family);--awb-caption-title-font-weight:var(--h2_typography-font-weight);--awb-caption-title-font-style:var(--h2_typography-font-style);--awb-caption-title-size:var(--h2_typography-font-size);--awb-caption-title-transform:var(--h2_typography-text-transform);--awb-caption-title-line-height:var(--h2_typography-line-height);--awb-caption-title-letter-spacing:var(--h2_typography-letter-spacing);\"><span class=\"fusion-imageframe imageframe-none imageframe-9 hover-type-none\"><a class=\"fusion-no-lightbox\" href=\"https:\/\/avech.org\/en\/relaciones-exteriores-entre-chile-y-china\/\" target=\"_self\" aria-label=\"3D Portada Cuaderno de China N\u00ba 9\"><img decoding=\"async\" width=\"450\" height=\"691\" src=\"https:\/\/avech.org\/wp-content\/uploads\/2021\/08\/3D-Portada-Cuaderno-de-China-No-9.png\" data-orig-src=\"https:\/\/avech.org\/wp-content\/uploads\/2021\/08\/3D-Portada-Cuaderno-de-China-No-9.png\" alt class=\"lazyload img-responsive wp-image-4804\" srcset=\"data:image\/svg+xml,%3Csvg%20xmlns%3D%27http%3A%2F%2Fwww.w3.org%2F2000%2Fsvg%27%20width%3D%27450%27%20height%3D%27691%27%20viewBox%3D%270%200%20450%20691%27%3E%3Crect%20width%3D%27450%27%20height%3D%27691%27%20fill-opacity%3D%220%22%2F%3E%3C%2Fsvg%3E\" data-srcset=\"https:\/\/avech.org\/wp-content\/uploads\/2021\/08\/3D-Portada-Cuaderno-de-China-No-9-200x307.png 200w, https:\/\/avech.org\/wp-content\/uploads\/2021\/08\/3D-Portada-Cuaderno-de-China-No-9-400x614.png 400w, https:\/\/avech.org\/wp-content\/uploads\/2021\/08\/3D-Portada-Cuaderno-de-China-No-9.png 450w\" data-sizes=\"auto\" data-orig-sizes=\"(max-width: 1024px) 100vw, (max-width: 640px) 100vw, 400px\" \/><\/a><\/span><\/div><\/div><\/div><div class=\"fusion-layout-column fusion_builder_column fusion-builder-column-20 fusion_builder_column_2_3 2_3 fusion-flex-column\" style=\"--awb-bg-size:cover;--awb-width-large:66.666666666667%;--awb-margin-top-large:10px;--awb-spacing-right-large:2.88%;--awb-margin-bottom-large:30px;--awb-spacing-left-large:2.88%;--awb-width-medium:100%;--awb-spacing-right-medium:1.92%;--awb-spacing-left-medium:1.92%;--awb-width-small:100%;--awb-spacing-right-small:1.92%;--awb-spacing-left-small:1.92%;\"><div class=\"fusion-column-wrapper fusion-flex-justify-content-flex-start fusion-content-layout-column\"><div class=\"fusion-title title fusion-title-18 fusion-sep-none fusion-title-text fusion-title-size-three\" style=\"--awb-margin-top-small:10px;--awb-margin-right-small:0px;--awb-margin-bottom-small:20px;--awb-margin-left-small:0px;\"><h3 class=\"fusion-title-heading title-heading-left fusion-responsive-typography-calculated\" style=\"margin:0;--fontSize:24;line-height:1.4;\">Las relaciones exteriores entre Chile y China: Nuevas instancias de cooperaci\u00f3n en Am\u00e9rica Latina<\/h3><\/div><div class=\"fusion-title title fusion-title-19 fusion-sep-none fusion-title-text fusion-title-size-four\" style=\"--awb-margin-top-small:10px;--awb-margin-right-small:0px;--awb-margin-bottom-small:20px;--awb-margin-left-small:0px;\"><h4 class=\"fusion-title-heading title-heading-left fusion-responsive-typography-calculated\" style=\"margin:0;--fontSize:15;--minFontSize:15;line-height:1.67;\">Ana Mar\u00eda Moure Pino<\/h4><\/div><div class=\"fusion-text fusion-text-10\"><p style=\"text-align: justify;\">Chile se adhiere a los principios de respeto al derecho internacional, a trav\u00e9s de su pertenencia a diversas organizaciones internacionales y con Estados a nivel multilateral y bilateral, impulsando sus relaciones econ\u00f3micas, la cooperaci\u00f3n, el desarrollo y el intercambio comercial, en especial con China que es el primer socio comercial, y se sit\u00faa en el primer lugar respecto a las exportaciones e importaciones del pa\u00eds.<\/p>\n<\/div><div class=\"fusion-separator\" style=\"align-self: center;margin-left: auto;margin-right: auto;margin-top:0px;margin-bottom:15px;width:100%;max-width:170px;\"><\/div><div style=\"text-align:center;\"><a class=\"fusion-button button-flat button-medium button-default fusion-button-default button-9 fusion-button-span-no fusion-button-default-type\" target=\"_self\" href=\"https:\/\/avech.org\/en\/relaciones-exteriores-entre-chile-y-china\/\"><span class=\"fusion-button-text awb-button__text awb-button__text--default\">M\u00e1s Informaci\u00f3n<\/span><\/a><\/div><\/div><\/div><\/div><\/div><div class=\"fusion-fullwidth fullwidth-box fusion-builder-row-11 fusion-flex-container nonhundred-percent-fullwidth non-hundred-percent-height-scrolling\" style=\"--awb-background-position:left top;--awb-border-sizes-top:0px;--awb-border-sizes-bottom:0px;--awb-border-sizes-left:0px;--awb-border-sizes-right:0px;--awb-border-radius-top-left:0px;--awb-border-radius-top-right:0px;--awb-border-radius-bottom-right:0px;--awb-border-radius-bottom-left:0px;--awb-padding-top:90px;--awb-padding-right:50px;--awb-padding-bottom:20px;--awb-padding-left:50px;--awb-padding-top-medium:60px;--awb-flex-wrap:wrap;\" ><div class=\"fusion-builder-row fusion-row fusion-flex-align-items-center fusion-flex-justify-content-center fusion-flex-content-wrap\" style=\"max-width:1331.2px;margin-left: calc(-4% \/ 2 );margin-right: calc(-4% \/ 2 );\"><div class=\"fusion-layout-column fusion_builder_column fusion-builder-column-21 fusion_builder_column_2_3 2_3 fusion-flex-column\" style=\"--awb-bg-size:cover;--awb-width-large:66.666666666667%;--awb-margin-top-large:10px;--awb-spacing-right-large:2.88%;--awb-margin-bottom-large:30px;--awb-spacing-left-large:2.88%;--awb-width-medium:100%;--awb-spacing-right-medium:1.92%;--awb-spacing-left-medium:1.92%;--awb-width-small:100%;--awb-spacing-right-small:1.92%;--awb-spacing-left-small:1.92%;\"><div class=\"fusion-column-wrapper fusion-flex-justify-content-flex-start fusion-content-layout-column\"><div class=\"fusion-title title fusion-title-20 fusion-sep-none fusion-title-text fusion-title-size-three\" style=\"--awb-margin-top-small:10px;--awb-margin-right-small:0px;--awb-margin-bottom-small:20px;--awb-margin-left-small:0px;\"><h3 class=\"fusion-title-heading title-heading-left fusion-responsive-typography-calculated\" style=\"margin:0;--fontSize:24;line-height:1.4;\"><p class=\"fusion-responsive-typography-calculated\" data-fontsize=\"55\" data-lineheight=\"63.25px\"><strong>China y Am\u00e9rica Latina:\u00a0<\/strong><strong>Territorios ancestrales de sus culturas para las ideas y la acci\u00f3n ecol\u00f3gicas<\/strong><\/p><\/h3><\/div><div class=\"fusion-title title fusion-title-21 fusion-sep-none fusion-title-text fusion-title-size-four\" style=\"--awb-margin-top-small:10px;--awb-margin-right-small:0px;--awb-margin-bottom-small:20px;--awb-margin-left-small:0px;\"><h4 class=\"fusion-title-heading title-heading-left fusion-responsive-typography-calculated\" style=\"margin:0;--fontSize:15;--minFontSize:15;line-height:1.67;\">Meng Xiayun<\/h4><\/div><div class=\"fusion-text fusion-text-11\"><div class=\"fusion-text fusion-text-1\">\n<p style=\"text-align: justify;\">China y Am\u00e9rica Latina cuentan con una propia historia de sus civilizaciones. Diferentes y similares situaciones de desarrollo hist\u00f3rico hacen que las dos \u00e1reas compartan y discrepen en aspectos culturales e ideol\u00f3gicos. Los antiguos pensamientos ecol\u00f3gicos chinos se concentran en las doctrinas del confucianismo, el tao\u00edsmo y el budismo, y han madurado y mejorado gradualmente a trav\u00e9s de varias generaciones. Mientras que las culturas de las tres civilizaciones antiguas prehisp\u00e1nicas m\u00e1s importantes dentro del territorio de lo que conocemos actualmente como Am\u00e9rica Latina: la maya, la azteca y la inca, reflejan tambi\u00e9n su propia concepci\u00f3n ecol\u00f3gica, que ha persistido durante m\u00e1s de mil a\u00f1os. Las antiguas civilizaciones de China y las que exist\u00edan antes de la llegada de los europeos al continente americano promov\u00edan un pensamiento ecol\u00f3gico cifrado en las lenguas antiguas tanto de China como las de las culturas americanas, abrigaban temor y rend\u00edan culto a la naturaleza. Al comparar las estructuras mentales vinculadas a la conciencia sobre la naturaleza de la civilizaci\u00f3n china y la civilizaci\u00f3n latinoamericana actual heredera del mundo ancestral ind\u00edgena, este trabajo intenta presentar las caracter\u00edsticas de esos dos contextos en los tiempos antiguos y modernos, en ese sentido.<\/p>\n<\/div>\n<\/div><div class=\"fusion-separator\" style=\"align-self: center;margin-left: auto;margin-right: auto;margin-top:0px;margin-bottom:15px;width:100%;max-width:170px;\"><\/div><div style=\"text-align:center;\"><a class=\"fusion-button button-flat button-medium button-default fusion-button-default button-10 fusion-button-span-no fusion-button-default-type\" target=\"_self\" href=\"https:\/\/avech.org\/en\/china-y-america-latina-territorios-ancestrales-de-sus-culturas-para-las-ideas-y-la-accion-ecologicas\/\"><span class=\"fusion-button-text awb-button__text awb-button__text--default\">M\u00e1s Informaci\u00f3n<\/span><\/a><\/div><\/div><\/div><div class=\"fusion-layout-column fusion_builder_column fusion-builder-column-22 fusion_builder_column_1_3 1_3 fusion-flex-column fusion-no-small-visibility\" style=\"--awb-bg-size:cover;--awb-width-large:33.333333333333%;--awb-margin-top-large:10px;--awb-spacing-right-large:5.76%;--awb-margin-bottom-large:10px;--awb-spacing-left-large:5.76%;--awb-width-medium:100%;--awb-spacing-right-medium:1.92%;--awb-spacing-left-medium:1.92%;--awb-width-small:100%;--awb-spacing-right-small:1.92%;--awb-spacing-left-small:1.92%;\"><div class=\"fusion-column-wrapper fusion-flex-justify-content-flex-start fusion-content-layout-column\"><div class=\"fusion-image-element\" style=\"text-align:center;--awb-max-width:300px;--awb-caption-title-font-family:var(--h2_typography-font-family);--awb-caption-title-font-weight:var(--h2_typography-font-weight);--awb-caption-title-font-style:var(--h2_typography-font-style);--awb-caption-title-size:var(--h2_typography-font-size);--awb-caption-title-transform:var(--h2_typography-text-transform);--awb-caption-title-line-height:var(--h2_typography-line-height);--awb-caption-title-letter-spacing:var(--h2_typography-letter-spacing);\"><span class=\"fusion-imageframe imageframe-none imageframe-10 hover-type-none\"><a class=\"fusion-no-lightbox\" href=\"https:\/\/avech.org\/en\/china-y-america-latina-territorios-ancestrales-de-sus-culturas-para-las-ideas-y-la-accion-ecologicas\/\" target=\"_self\" aria-label=\"Cuadernos de Cultura 10 DEF 450 x 690\"><img decoding=\"async\" width=\"450\" height=\"689\" src=\"https:\/\/avech.org\/wp-content\/uploads\/2021\/09\/Cuadernos-de-Cultura-10-DEF-450-x-690.png\" data-orig-src=\"https:\/\/avech.org\/wp-content\/uploads\/2021\/09\/Cuadernos-de-Cultura-10-DEF-450-x-690.png\" alt class=\"lazyload img-responsive wp-image-4900\" srcset=\"data:image\/svg+xml,%3Csvg%20xmlns%3D%27http%3A%2F%2Fwww.w3.org%2F2000%2Fsvg%27%20width%3D%27450%27%20height%3D%27689%27%20viewBox%3D%270%200%20450%20689%27%3E%3Crect%20width%3D%27450%27%20height%3D%27689%27%20fill-opacity%3D%220%22%2F%3E%3C%2Fsvg%3E\" data-srcset=\"https:\/\/avech.org\/wp-content\/uploads\/2021\/09\/Cuadernos-de-Cultura-10-DEF-450-x-690-200x306.png 200w, https:\/\/avech.org\/wp-content\/uploads\/2021\/09\/Cuadernos-de-Cultura-10-DEF-450-x-690-400x612.png 400w, https:\/\/avech.org\/wp-content\/uploads\/2021\/09\/Cuadernos-de-Cultura-10-DEF-450-x-690.png 450w\" data-sizes=\"auto\" data-orig-sizes=\"(max-width: 1024px) 100vw, (max-width: 640px) 100vw, 400px\" \/><\/a><\/span><\/div><\/div><\/div><\/div><\/div><div class=\"fusion-fullwidth fullwidth-box fusion-builder-row-12 fusion-flex-container nonhundred-percent-fullwidth non-hundred-percent-height-scrolling\" style=\"--awb-background-position:left top;--awb-border-sizes-top:0px;--awb-border-sizes-bottom:0px;--awb-border-sizes-left:0px;--awb-border-sizes-right:0px;--awb-border-radius-top-left:0px;--awb-border-radius-top-right:0px;--awb-border-radius-bottom-right:0px;--awb-border-radius-bottom-left:0px;--awb-padding-top:90px;--awb-padding-right:50px;--awb-padding-bottom:20px;--awb-padding-left:50px;--awb-padding-top-medium:60px;--awb-flex-wrap:wrap;\" ><div class=\"fusion-builder-row fusion-row fusion-flex-align-items-center fusion-flex-justify-content-center fusion-flex-content-wrap\" style=\"max-width:1331.2px;margin-left: calc(-4% \/ 2 );margin-right: calc(-4% \/ 2 );\"><div class=\"fusion-layout-column fusion_builder_column fusion-builder-column-23 fusion_builder_column_1_3 1_3 fusion-flex-column fusion-no-small-visibility\" style=\"--awb-bg-size:cover;--awb-width-large:33.333333333333%;--awb-margin-top-large:10px;--awb-spacing-right-large:5.76%;--awb-margin-bottom-large:10px;--awb-spacing-left-large:5.76%;--awb-width-medium:100%;--awb-spacing-right-medium:1.92%;--awb-spacing-left-medium:1.92%;--awb-width-small:100%;--awb-spacing-right-small:1.92%;--awb-spacing-left-small:1.92%;\"><div class=\"fusion-column-wrapper fusion-flex-justify-content-flex-start fusion-content-layout-column\"><div class=\"fusion-image-element\" style=\"text-align:center;--awb-max-width:300px;--awb-caption-title-font-family:var(--h2_typography-font-family);--awb-caption-title-font-weight:var(--h2_typography-font-weight);--awb-caption-title-font-style:var(--h2_typography-font-style);--awb-caption-title-size:var(--h2_typography-font-size);--awb-caption-title-transform:var(--h2_typography-text-transform);--awb-caption-title-line-height:var(--h2_typography-line-height);--awb-caption-title-letter-spacing:var(--h2_typography-letter-spacing);\"><span class=\"fusion-imageframe imageframe-none imageframe-11 hover-type-none\"><a class=\"fusion-no-lightbox\" href=\"https:\/\/avech.org\/en\/literatura-china-clasica-confuciana-y-taoista-referentes-y-patrones-mitologicos\/\" target=\"_self\" aria-label=\"Home\"><img decoding=\"async\" width=\"451\" height=\"691\" src=\"https:\/\/avech.org\/wp-content\/uploads\/2021\/10\/Home.png\" data-orig-src=\"https:\/\/avech.org\/wp-content\/uploads\/2021\/10\/Home.png\" alt class=\"lazyload img-responsive wp-image-4995\" srcset=\"data:image\/svg+xml,%3Csvg%20xmlns%3D%27http%3A%2F%2Fwww.w3.org%2F2000%2Fsvg%27%20width%3D%27451%27%20height%3D%27691%27%20viewBox%3D%270%200%20451%20691%27%3E%3Crect%20width%3D%27451%27%20height%3D%27691%27%20fill-opacity%3D%220%22%2F%3E%3C%2Fsvg%3E\" data-srcset=\"https:\/\/avech.org\/wp-content\/uploads\/2021\/10\/Home-200x306.png 200w, https:\/\/avech.org\/wp-content\/uploads\/2021\/10\/Home-400x613.png 400w, https:\/\/avech.org\/wp-content\/uploads\/2021\/10\/Home.png 451w\" data-sizes=\"auto\" data-orig-sizes=\"(max-width: 1024px) 100vw, (max-width: 640px) 100vw, 400px\" \/><\/a><\/span><\/div><\/div><\/div><div class=\"fusion-layout-column fusion_builder_column fusion-builder-column-24 fusion_builder_column_2_3 2_3 fusion-flex-column\" style=\"--awb-bg-size:cover;--awb-width-large:66.666666666667%;--awb-margin-top-large:10px;--awb-spacing-right-large:2.88%;--awb-margin-bottom-large:30px;--awb-spacing-left-large:2.88%;--awb-width-medium:100%;--awb-spacing-right-medium:1.92%;--awb-spacing-left-medium:1.92%;--awb-width-small:100%;--awb-spacing-right-small:1.92%;--awb-spacing-left-small:1.92%;\"><div class=\"fusion-column-wrapper fusion-flex-justify-content-flex-start fusion-content-layout-column\"><div class=\"fusion-title title fusion-title-22 fusion-sep-none fusion-title-text fusion-title-size-three\" style=\"--awb-margin-top-small:10px;--awb-margin-right-small:0px;--awb-margin-bottom-small:20px;--awb-margin-left-small:0px;\"><h3 class=\"fusion-title-heading title-heading-left fusion-responsive-typography-calculated\" style=\"margin:0;--fontSize:24;line-height:1.4;\">Literatura china cl\u00e1sica confuciana y tao\u00edsta:\u00a0Referentes y patrones mitol\u00f3gicos<\/h3><\/div><div class=\"fusion-title title fusion-title-23 fusion-sep-none fusion-title-text fusion-title-size-four\" style=\"--awb-margin-top-small:10px;--awb-margin-right-small:0px;--awb-margin-bottom-small:20px;--awb-margin-left-small:0px;\"><h4 class=\"fusion-title-heading title-heading-left fusion-responsive-typography-calculated\" style=\"margin:0;--fontSize:15;--minFontSize:15;line-height:1.67;\">Julio L\u00f3pez Saco<\/h4><\/div><div class=\"fusion-text fusion-text-12\" style=\"--awb-content-alignment:justify;\"><p style=\"text-align: justify;\">La literatura cl\u00e1sica confuciana, racionalizada y burocratizada, motor del control del funcionamiento de la sociedad e influjo de la jerarquizaci\u00f3n de las relaciones familiares y sociales, promovi\u00f3 los valores de una cultura intelectual que infravaloraba la influencia de los impulsos y motivos m\u00edtico-religiosos, las im\u00e1genes y s\u00edmbolos del pasado.\u00a0No obstante, sobreviven en ella ciertos atisbos m\u00edticos referidos al origen y a los h\u00e9roes de la Edad de Oro. La literatura tao\u00edsta cl\u00e1sica revela el fondo metaf\u00edsico de Dao, sugiriendo y evocando im\u00e1genes que llegan a asociar Dao con una divinidad originaria, tal vez neol\u00edtica. S\u00f3lo en las colecciones mitogr\u00e1ficas se halla fresco el sentido imaginativo, emotivo e insinuador del mito, fundamento de la mentalidad china arcaica. La iconograf\u00eda y los detallados inventarios de \u00fatiles y objetos (sobre todo funerarios) de la cultura material, complementan, en perspectiva simb\u00f3lica, algunos ideales que se asoman en la literatura.<\/p>\n<\/div><div class=\"fusion-separator\" style=\"align-self: center;margin-left: auto;margin-right: auto;margin-top:0px;margin-bottom:15px;width:100%;max-width:170px;\"><\/div><div style=\"text-align:center;\"><a class=\"fusion-button button-flat button-medium button-default fusion-button-default button-11 fusion-button-span-no fusion-button-default-type\" target=\"_self\" href=\"https:\/\/avech.org\/en\/literatura-china-clasica-confuciana-y-taoista-referentes-y-patrones-mitologicos\/\"><span class=\"fusion-button-text awb-button__text awb-button__text--default\">M\u00e1s Informaci\u00f3n<\/span><\/a><\/div><\/div><\/div><\/div><\/div><div class=\"fusion-fullwidth fullwidth-box fusion-builder-row-13 fusion-flex-container nonhundred-percent-fullwidth non-hundred-percent-height-scrolling\" style=\"--awb-background-position:left top;--awb-border-sizes-top:0px;--awb-border-sizes-bottom:0px;--awb-border-sizes-left:0px;--awb-border-sizes-right:0px;--awb-border-radius-top-left:0px;--awb-border-radius-top-right:0px;--awb-border-radius-bottom-right:0px;--awb-border-radius-bottom-left:0px;--awb-padding-top:90px;--awb-padding-right:50px;--awb-padding-bottom:20px;--awb-padding-left:50px;--awb-padding-top-medium:60px;--awb-flex-wrap:wrap;\" ><div class=\"fusion-builder-row fusion-row fusion-flex-align-items-center fusion-flex-justify-content-center fusion-flex-content-wrap\" style=\"max-width:1331.2px;margin-left: calc(-4% \/ 2 );margin-right: calc(-4% \/ 2 );\"><div class=\"fusion-layout-column fusion_builder_column fusion-builder-column-25 fusion_builder_column_2_3 2_3 fusion-flex-column\" style=\"--awb-bg-size:cover;--awb-width-large:66.666666666667%;--awb-margin-top-large:10px;--awb-spacing-right-large:2.88%;--awb-margin-bottom-large:30px;--awb-spacing-left-large:2.88%;--awb-width-medium:100%;--awb-spacing-right-medium:1.92%;--awb-spacing-left-medium:1.92%;--awb-width-small:100%;--awb-spacing-right-small:1.92%;--awb-spacing-left-small:1.92%;\"><div class=\"fusion-column-wrapper fusion-flex-justify-content-flex-start fusion-content-layout-column\"><div class=\"fusion-title title fusion-title-24 fusion-sep-none fusion-title-text fusion-title-size-three\" style=\"--awb-margin-top-small:10px;--awb-margin-right-small:0px;--awb-margin-bottom-small:20px;--awb-margin-left-small:0px;\"><h3 class=\"fusion-title-heading title-heading-left fusion-responsive-typography-calculated\" style=\"margin:0;--fontSize:24;line-height:1.4;\"><strong>El <em>nuevo concepto de desarrollo<\/em> de Xi Jinping<\/strong><\/h3><\/div><div class=\"fusion-title title fusion-title-25 fusion-sep-none fusion-title-text fusion-title-size-four\" style=\"--awb-margin-top-small:10px;--awb-margin-right-small:0px;--awb-margin-bottom-small:20px;--awb-margin-left-small:0px;\"><h4 class=\"fusion-title-heading title-heading-left fusion-responsive-typography-calculated\" style=\"margin:0;--fontSize:15;--minFontSize:15;line-height:1.67;\">Juan Sebasti\u00e1n Schulz<\/h4><\/div><div class=\"fusion-text fusion-text-13\" style=\"--awb-content-alignment:justify;\"><div class=\"fusion-text fusion-text-1\">\n<p>En enero de 2016, el actual presidente chino Xi Jinping llam\u00f3 a los cuadros del Partido Comunista de China y a los funcionarios del gobierno a impulsar un \u201cnuevo concepto de desarrollo (\u65b0\u53d1\u5c55\u7406\u5ff5, x\u012bn f\u0101zh\u01cen l\u01d0ni\u00e0n)\u201d, definido como un \u201csistema te\u00f3rico sistem\u00e1tico, que responde a una serie de preguntas te\u00f3ricas y pr\u00e1cticas sobre el prop\u00f3sito, la motivaci\u00f3n, el modo y el camino del desarrollo\u201d del pueblo chino. A partir de all\u00ed, la exhortaci\u00f3n a construir un nuevo concepto de desarrollo ha sido recurrente en todos los documentos del PCCh y del gobierno chino. En este marco, el presente trabajo se propone analizar las principales caracter\u00edsticas de este concepto, recuperando su contexto de surgimiento, la vinculaci\u00f3n con las iniciativas de \u201cprosperidad com\u00fan\u201d y \u201ccirculaci\u00f3n dual\u201d y la importancia que tiene para la etapa actual de desarrollo de China.<\/p>\n<\/div>\n<\/div><div class=\"fusion-separator\" style=\"align-self: center;margin-left: auto;margin-right: auto;margin-top:0px;margin-bottom:15px;width:100%;max-width:170px;\"><\/div><div style=\"text-align:center;\"><a class=\"fusion-button button-flat button-medium button-default fusion-button-default button-12 fusion-button-span-no fusion-button-default-type\" target=\"_self\" href=\"https:\/\/avech.org\/en\/el-nuevo-concepto-de-desarrollo-de-xi-jinping\/\"><span class=\"fusion-button-text awb-button__text awb-button__text--default\">M\u00e1s Informaci\u00f3n<\/span><\/a><\/div><\/div><\/div><div class=\"fusion-layout-column fusion_builder_column fusion-builder-column-26 fusion_builder_column_1_3 1_3 fusion-flex-column fusion-no-small-visibility\" style=\"--awb-bg-size:cover;--awb-width-large:33.333333333333%;--awb-margin-top-large:10px;--awb-spacing-right-large:5.76%;--awb-margin-bottom-large:10px;--awb-spacing-left-large:5.76%;--awb-width-medium:100%;--awb-spacing-right-medium:1.92%;--awb-spacing-left-medium:1.92%;--awb-width-small:100%;--awb-spacing-right-small:1.92%;--awb-spacing-left-small:1.92%;\"><div class=\"fusion-column-wrapper fusion-flex-justify-content-flex-start fusion-content-layout-column\"><div class=\"fusion-image-element\" style=\"text-align:center;--awb-max-width:300px;--awb-caption-title-font-family:var(--h2_typography-font-family);--awb-caption-title-font-weight:var(--h2_typography-font-weight);--awb-caption-title-font-style:var(--h2_typography-font-style);--awb-caption-title-size:var(--h2_typography-font-size);--awb-caption-title-transform:var(--h2_typography-text-transform);--awb-caption-title-line-height:var(--h2_typography-line-height);--awb-caption-title-letter-spacing:var(--h2_typography-letter-spacing);\"><span class=\"fusion-imageframe imageframe-none imageframe-12 hover-type-none\"><a class=\"fusion-no-lightbox\" href=\"https:\/\/avech.org\/en\/el-nuevo-concepto-de-desarrollo-de-xi-jinping\/\" target=\"_self\" aria-label=\"2. Home\"><img decoding=\"async\" width=\"450\" height=\"689\" src=\"https:\/\/avech.org\/wp-content\/uploads\/2021\/12\/2.-Home.png\" data-orig-src=\"https:\/\/avech.org\/wp-content\/uploads\/2021\/12\/2.-Home.png\" alt class=\"lazyload img-responsive wp-image-5039\" srcset=\"data:image\/svg+xml,%3Csvg%20xmlns%3D%27http%3A%2F%2Fwww.w3.org%2F2000%2Fsvg%27%20width%3D%27450%27%20height%3D%27689%27%20viewBox%3D%270%200%20450%20689%27%3E%3Crect%20width%3D%27450%27%20height%3D%27689%27%20fill-opacity%3D%220%22%2F%3E%3C%2Fsvg%3E\" data-srcset=\"https:\/\/avech.org\/wp-content\/uploads\/2021\/12\/2.-Home-200x306.png 200w, https:\/\/avech.org\/wp-content\/uploads\/2021\/12\/2.-Home-400x612.png 400w, https:\/\/avech.org\/wp-content\/uploads\/2021\/12\/2.-Home.png 450w\" data-sizes=\"auto\" data-orig-sizes=\"(max-width: 1024px) 100vw, (max-width: 640px) 100vw, 400px\" \/><\/a><\/span><\/div><\/div><\/div><\/div><\/div><div class=\"fusion-fullwidth fullwidth-box fusion-builder-row-14 fusion-flex-container nonhundred-percent-fullwidth non-hundred-percent-height-scrolling\" style=\"--awb-background-position:left top;--awb-border-sizes-top:0px;--awb-border-sizes-bottom:0px;--awb-border-sizes-left:0px;--awb-border-sizes-right:0px;--awb-border-radius-top-left:0px;--awb-border-radius-top-right:0px;--awb-border-radius-bottom-right:0px;--awb-border-radius-bottom-left:0px;--awb-padding-top:90px;--awb-padding-right:50px;--awb-padding-bottom:20px;--awb-padding-left:50px;--awb-padding-top-medium:60px;--awb-flex-wrap:wrap;\" ><div class=\"fusion-builder-row fusion-row fusion-flex-align-items-center fusion-flex-justify-content-center fusion-flex-content-wrap\" style=\"max-width:1331.2px;margin-left: calc(-4% \/ 2 );margin-right: calc(-4% \/ 2 );\"><div class=\"fusion-layout-column fusion_builder_column fusion-builder-column-27 fusion_builder_column_1_3 1_3 fusion-flex-column fusion-no-small-visibility\" style=\"--awb-bg-size:cover;--awb-width-large:33.333333333333%;--awb-margin-top-large:10px;--awb-spacing-right-large:5.76%;--awb-margin-bottom-large:10px;--awb-spacing-left-large:5.76%;--awb-width-medium:100%;--awb-spacing-right-medium:1.92%;--awb-spacing-left-medium:1.92%;--awb-width-small:100%;--awb-spacing-right-small:1.92%;--awb-spacing-left-small:1.92%;\"><div class=\"fusion-column-wrapper fusion-flex-justify-content-flex-start fusion-content-layout-column\"><div class=\"fusion-image-element\" style=\"text-align:center;--awb-max-width:300px;--awb-caption-title-font-family:var(--h2_typography-font-family);--awb-caption-title-font-weight:var(--h2_typography-font-weight);--awb-caption-title-font-style:var(--h2_typography-font-style);--awb-caption-title-size:var(--h2_typography-font-size);--awb-caption-title-transform:var(--h2_typography-text-transform);--awb-caption-title-line-height:var(--h2_typography-line-height);--awb-caption-title-letter-spacing:var(--h2_typography-letter-spacing);\"><span class=\"fusion-imageframe imageframe-none imageframe-13 hover-type-none\"><a class=\"fusion-no-lightbox\" href=\"https:\/\/avech.org\/en\/venezuela-y-china-juntos-en-la-cuestion-de-el-salvador\/\" target=\"_self\" aria-label=\"2. Home\"><img decoding=\"async\" width=\"450\" height=\"700\" src=\"https:\/\/avech.org\/wp-content\/uploads\/2022\/04\/2.-Home.png\" data-orig-src=\"https:\/\/avech.org\/wp-content\/uploads\/2022\/04\/2.-Home.png\" alt class=\"lazyload img-responsive wp-image-5152\" srcset=\"data:image\/svg+xml,%3Csvg%20xmlns%3D%27http%3A%2F%2Fwww.w3.org%2F2000%2Fsvg%27%20width%3D%27450%27%20height%3D%27700%27%20viewBox%3D%270%200%20450%20700%27%3E%3Crect%20width%3D%27450%27%20height%3D%27700%27%20fill-opacity%3D%220%22%2F%3E%3C%2Fsvg%3E\" data-srcset=\"https:\/\/avech.org\/wp-content\/uploads\/2022\/04\/2.-Home-200x311.png 200w, https:\/\/avech.org\/wp-content\/uploads\/2022\/04\/2.-Home-400x622.png 400w, https:\/\/avech.org\/wp-content\/uploads\/2022\/04\/2.-Home.png 450w\" data-sizes=\"auto\" data-orig-sizes=\"(max-width: 1024px) 100vw, (max-width: 640px) 100vw, 400px\" \/><\/a><\/span><\/div><\/div><\/div><div class=\"fusion-layout-column fusion_builder_column fusion-builder-column-28 fusion_builder_column_2_3 2_3 fusion-flex-column\" style=\"--awb-bg-size:cover;--awb-width-large:66.666666666667%;--awb-margin-top-large:10px;--awb-spacing-right-large:2.88%;--awb-margin-bottom-large:30px;--awb-spacing-left-large:2.88%;--awb-width-medium:100%;--awb-spacing-right-medium:1.92%;--awb-spacing-left-medium:1.92%;--awb-width-small:100%;--awb-spacing-right-small:1.92%;--awb-spacing-left-small:1.92%;\"><div class=\"fusion-column-wrapper fusion-flex-justify-content-flex-start fusion-content-layout-column\"><div class=\"fusion-title title fusion-title-26 fusion-sep-none fusion-title-text fusion-title-size-three\" style=\"--awb-margin-top-small:10px;--awb-margin-right-small:0px;--awb-margin-bottom-small:20px;--awb-margin-left-small:0px;\"><h3 class=\"fusion-title-heading title-heading-left fusion-responsive-typography-calculated\" style=\"margin:0;--fontSize:24;line-height:1.4;\">Venezuela y China: Juntos en la cuesti\u00f3n de El Salvador<\/h3><\/div><div class=\"fusion-title title fusion-title-27 fusion-sep-none fusion-title-text fusion-title-size-four\" style=\"--awb-margin-top-small:10px;--awb-margin-right-small:0px;--awb-margin-bottom-small:20px;--awb-margin-left-small:0px;\"><h4 class=\"fusion-title-heading title-heading-left fusion-responsive-typography-calculated\" style=\"margin:0;--fontSize:15;--minFontSize:15;line-height:1.67;\">Norbert Molina-Medina<\/h4><\/div><div class=\"fusion-text fusion-text-14\" style=\"--awb-content-alignment:justify;\"><p>Poco conocido en la historia de las relaciones internacionales de Venezuela es el cap\u00edtulo que corresponde al estrechamiento de los v\u00ednculos sino-venezolanos durante el gobierno del presidente Luis Herrera Campins (1979-1984). Las tensiones de la Guerra Fr\u00eda tambi\u00e9n hab\u00edan producido la disputa Este-Este entre la Uni\u00f3n de Rep\u00fablicas Socialistas Sovi\u00e9ticas (URSS) y China por el liderazgo del movimiento comunista internacional, y en esa din\u00e1mica los Estados Unidos (EE.UU.) luego del acercamiento y normalizaci\u00f3n con Pek\u00edn en 1972 y 1979, coincidi\u00f3 con el gigante asi\u00e1tico en denunciar la actuaci\u00f3n de la URSS en el mundo. Ese es el caso del conflicto centroamericano de los a\u00f1os setenta y ochenta del pasado siglo XX. En tal sentido, nos proponemos analizar la alianza que llev\u00f3 a China y Venezuela a ser part\u00edcipes del conflicto de El Salvador en franca alineaci\u00f3n con los EE.UU. y en contra de la intervenci\u00f3n de la URSS y Cuba.<\/p>\n<\/div><div class=\"fusion-separator\" style=\"align-self: center;margin-left: auto;margin-right: auto;margin-top:0px;margin-bottom:15px;width:100%;max-width:170px;\"><\/div><div style=\"text-align:center;\"><a class=\"fusion-button button-flat button-medium button-default fusion-button-default button-13 fusion-button-span-no fusion-button-default-type\" target=\"_self\" href=\"https:\/\/avech.org\/en\/venezuela-y-china-juntos-en-la-cuestion-de-el-salvador\/\"><span class=\"fusion-button-text awb-button__text awb-button__text--default\">M\u00e1s Informaci\u00f3n<\/span><\/a><\/div><\/div><\/div><\/div><\/div><div class=\"fusion-fullwidth fullwidth-box fusion-builder-row-15 fusion-flex-container nonhundred-percent-fullwidth non-hundred-percent-height-scrolling\" style=\"--awb-background-position:left top;--awb-border-sizes-top:0px;--awb-border-sizes-bottom:0px;--awb-border-sizes-left:0px;--awb-border-sizes-right:0px;--awb-border-radius-top-left:0px;--awb-border-radius-top-right:0px;--awb-border-radius-bottom-right:0px;--awb-border-radius-bottom-left:0px;--awb-padding-top:90px;--awb-padding-right:50px;--awb-padding-bottom:20px;--awb-padding-left:50px;--awb-padding-top-medium:60px;--awb-flex-wrap:wrap;\" ><div class=\"fusion-builder-row fusion-row fusion-flex-align-items-center fusion-flex-justify-content-center fusion-flex-content-wrap\" style=\"max-width:1331.2px;margin-left: calc(-4% \/ 2 );margin-right: calc(-4% \/ 2 );\"><div class=\"fusion-layout-column fusion_builder_column fusion-builder-column-29 fusion_builder_column_2_3 2_3 fusion-flex-column\" style=\"--awb-bg-size:cover;--awb-width-large:66.666666666667%;--awb-margin-top-large:10px;--awb-spacing-right-large:2.88%;--awb-margin-bottom-large:30px;--awb-spacing-left-large:2.88%;--awb-width-medium:100%;--awb-spacing-right-medium:1.92%;--awb-spacing-left-medium:1.92%;--awb-width-small:100%;--awb-spacing-right-small:1.92%;--awb-spacing-left-small:1.92%;\"><div class=\"fusion-column-wrapper fusion-flex-justify-content-flex-start fusion-content-layout-column\"><div class=\"fusion-title title fusion-title-28 fusion-sep-none fusion-title-text fusion-title-size-three\" style=\"--awb-margin-top-small:10px;--awb-margin-right-small:0px;--awb-margin-bottom-small:20px;--awb-margin-left-small:0px;\"><h3 class=\"fusion-title-heading title-heading-left fusion-responsive-typography-calculated\" style=\"margin:0;--fontSize:24;line-height:1.4;\"><strong>Panam\u00e1 y China:\u00a0<\/strong><strong>Una relaci\u00f3n de tres siglos<\/strong><\/h3><\/div><div class=\"fusion-title title fusion-title-29 fusion-sep-none fusion-title-text fusion-title-size-four\" style=\"--awb-margin-top-small:10px;--awb-margin-right-small:0px;--awb-margin-bottom-small:20px;--awb-margin-left-small:0px;\"><h4 class=\"fusion-title-heading title-heading-left fusion-responsive-typography-calculated\" style=\"margin:0;--fontSize:15;--minFontSize:15;line-height:1.67;\">Ana Morales-Anderson<\/h4><\/div><div class=\"fusion-text fusion-text-15\" style=\"--awb-content-alignment:justify;\"><div class=\"fusion-text fusion-text-1\">\n<p>El presente trabajo contiene los avances de mi investigaci\u00f3n doctoral, el objetivo es analizar, en un corpus selecto de cuatro obras, la narrativa de escritores paname\u00f1os de ascendencia china para descubrir rasgos literarios y ling\u00fc\u00edsticos de su herencia ancestral y de la cultura de contacto. En el caso particular, se realiz\u00f3 el an\u00e1lisis hermen\u00e9utico del libro <em>Relaciones entre Panam\u00e1 y China (siglos XIX, XX y XXI)<\/em> de la escritora Berta Alicia Chen. Se destaca que, en el discurso de car\u00e1cter hist\u00f3rico, la autora describe minuciosamente tres sucesos trascendentales de la realidad social paname\u00f1a: la llegada de los chinos al Istmo, el establecimiento de las relaciones diplom\u00e1ticas con China y la visi\u00f3n global de China llamada Franja y la Ruta de la Seda. Se concluye que, a pesar del fundamento hist\u00f3rico indiscutible, sobresale en la obra la pasi\u00f3n de la autora por visibilizar la cultura china.<\/p>\n<\/div>\n<\/div><div class=\"fusion-separator\" style=\"align-self: center;margin-left: auto;margin-right: auto;margin-top:0px;margin-bottom:15px;width:100%;max-width:170px;\"><\/div><div style=\"text-align:center;\"><a class=\"fusion-button button-flat button-medium button-default fusion-button-default button-14 fusion-button-span-no fusion-button-default-type\" target=\"_self\" href=\"https:\/\/avech.org\/en\/panama-y-china-una-relacion-de-tres-siglos\/\"><span class=\"fusion-button-text awb-button__text awb-button__text--default\">M\u00e1s Informaci\u00f3n<\/span><\/a><\/div><\/div><\/div><div class=\"fusion-layout-column fusion_builder_column fusion-builder-column-30 fusion_builder_column_1_3 1_3 fusion-flex-column fusion-no-small-visibility\" style=\"--awb-bg-size:cover;--awb-width-large:33.333333333333%;--awb-margin-top-large:10px;--awb-spacing-right-large:5.76%;--awb-margin-bottom-large:10px;--awb-spacing-left-large:5.76%;--awb-width-medium:100%;--awb-spacing-right-medium:1.92%;--awb-spacing-left-medium:1.92%;--awb-width-small:100%;--awb-spacing-right-small:1.92%;--awb-spacing-left-small:1.92%;\"><div class=\"fusion-column-wrapper fusion-flex-justify-content-flex-start fusion-content-layout-column\"><div class=\"fusion-image-element\" style=\"text-align:center;--awb-max-width:300px;--awb-caption-title-font-family:var(--h2_typography-font-family);--awb-caption-title-font-weight:var(--h2_typography-font-weight);--awb-caption-title-font-style:var(--h2_typography-font-style);--awb-caption-title-size:var(--h2_typography-font-size);--awb-caption-title-transform:var(--h2_typography-text-transform);--awb-caption-title-line-height:var(--h2_typography-line-height);--awb-caption-title-letter-spacing:var(--h2_typography-letter-spacing);\"><span class=\"fusion-imageframe imageframe-none imageframe-14 hover-type-none\"><a class=\"fusion-no-lightbox\" href=\"https:\/\/avech.org\/en\/panama-y-china-una-relacion-de-tres-siglos\/\" target=\"_self\" aria-label=\"4. Publicaci\u00f3n\"><img decoding=\"async\" width=\"475\" height=\"742\" src=\"https:\/\/avech.org\/wp-content\/uploads\/2022\/05\/4.-Publicacion.png\" data-orig-src=\"https:\/\/avech.org\/wp-content\/uploads\/2022\/05\/4.-Publicacion.png\" alt class=\"lazyload img-responsive wp-image-5207\" srcset=\"data:image\/svg+xml,%3Csvg%20xmlns%3D%27http%3A%2F%2Fwww.w3.org%2F2000%2Fsvg%27%20width%3D%27475%27%20height%3D%27742%27%20viewBox%3D%270%200%20475%20742%27%3E%3Crect%20width%3D%27475%27%20height%3D%27742%27%20fill-opacity%3D%220%22%2F%3E%3C%2Fsvg%3E\" data-srcset=\"https:\/\/avech.org\/wp-content\/uploads\/2022\/05\/4.-Publicacion-200x312.png 200w, https:\/\/avech.org\/wp-content\/uploads\/2022\/05\/4.-Publicacion-400x625.png 400w, https:\/\/avech.org\/wp-content\/uploads\/2022\/05\/4.-Publicacion.png 475w\" data-sizes=\"auto\" data-orig-sizes=\"(max-width: 1024px) 100vw, (max-width: 640px) 100vw, 400px\" \/><\/a><\/span><\/div><\/div><\/div><\/div><\/div><div class=\"fusion-fullwidth fullwidth-box fusion-builder-row-16 fusion-flex-container nonhundred-percent-fullwidth non-hundred-percent-height-scrolling\" style=\"--awb-background-position:left top;--awb-border-sizes-top:0px;--awb-border-sizes-bottom:0px;--awb-border-sizes-left:0px;--awb-border-sizes-right:0px;--awb-border-radius-top-left:0px;--awb-border-radius-top-right:0px;--awb-border-radius-bottom-right:0px;--awb-border-radius-bottom-left:0px;--awb-padding-top:90px;--awb-padding-right:50px;--awb-padding-bottom:20px;--awb-padding-left:50px;--awb-padding-top-medium:60px;--awb-flex-wrap:wrap;\" ><div class=\"fusion-builder-row fusion-row fusion-flex-align-items-center fusion-flex-justify-content-center fusion-flex-content-wrap\" style=\"max-width:1331.2px;margin-left: calc(-4% \/ 2 );margin-right: calc(-4% \/ 2 );\"><div class=\"fusion-layout-column fusion_builder_column fusion-builder-column-31 fusion_builder_column_1_3 1_3 fusion-flex-column fusion-no-small-visibility\" style=\"--awb-bg-size:cover;--awb-width-large:33.333333333333%;--awb-margin-top-large:10px;--awb-spacing-right-large:5.76%;--awb-margin-bottom-large:10px;--awb-spacing-left-large:5.76%;--awb-width-medium:100%;--awb-spacing-right-medium:1.92%;--awb-spacing-left-medium:1.92%;--awb-width-small:100%;--awb-spacing-right-small:1.92%;--awb-spacing-left-small:1.92%;\"><div class=\"fusion-column-wrapper fusion-flex-justify-content-flex-start fusion-content-layout-column\"><div class=\"fusion-image-element\" style=\"text-align:center;--awb-max-width:300px;--awb-caption-title-font-family:var(--h2_typography-font-family);--awb-caption-title-font-weight:var(--h2_typography-font-weight);--awb-caption-title-font-style:var(--h2_typography-font-style);--awb-caption-title-size:var(--h2_typography-font-size);--awb-caption-title-transform:var(--h2_typography-text-transform);--awb-caption-title-line-height:var(--h2_typography-line-height);--awb-caption-title-letter-spacing:var(--h2_typography-letter-spacing);\"><span class=\"fusion-imageframe imageframe-none imageframe-15 hover-type-none\"><a class=\"fusion-no-lightbox\" href=\"https:\/\/avech.org\/en\/china-resiliencia-y-desarrollo\/\" target=\"_self\" aria-label=\"4. Publicaci\u00f3n\"><img decoding=\"async\" width=\"475\" height=\"691\" src=\"https:\/\/avech.org\/wp-content\/uploads\/2022\/08\/4.-Publicacion.png\" data-orig-src=\"https:\/\/avech.org\/wp-content\/uploads\/2022\/08\/4.-Publicacion.png\" alt class=\"lazyload img-responsive wp-image-5341\" srcset=\"data:image\/svg+xml,%3Csvg%20xmlns%3D%27http%3A%2F%2Fwww.w3.org%2F2000%2Fsvg%27%20width%3D%27475%27%20height%3D%27691%27%20viewBox%3D%270%200%20475%20691%27%3E%3Crect%20width%3D%27475%27%20height%3D%27691%27%20fill-opacity%3D%220%22%2F%3E%3C%2Fsvg%3E\" data-srcset=\"https:\/\/avech.org\/wp-content\/uploads\/2022\/08\/4.-Publicacion-200x291.png 200w, https:\/\/avech.org\/wp-content\/uploads\/2022\/08\/4.-Publicacion-400x582.png 400w, https:\/\/avech.org\/wp-content\/uploads\/2022\/08\/4.-Publicacion.png 475w\" data-sizes=\"auto\" data-orig-sizes=\"(max-width: 1024px) 100vw, (max-width: 640px) 100vw, 400px\" \/><\/a><\/span><\/div><\/div><\/div><div class=\"fusion-layout-column fusion_builder_column fusion-builder-column-32 fusion_builder_column_2_3 2_3 fusion-flex-column\" style=\"--awb-bg-size:cover;--awb-width-large:66.666666666667%;--awb-margin-top-large:10px;--awb-spacing-right-large:2.88%;--awb-margin-bottom-large:30px;--awb-spacing-left-large:2.88%;--awb-width-medium:100%;--awb-spacing-right-medium:1.92%;--awb-spacing-left-medium:1.92%;--awb-width-small:100%;--awb-spacing-right-small:1.92%;--awb-spacing-left-small:1.92%;\"><div class=\"fusion-column-wrapper fusion-flex-justify-content-flex-start fusion-content-layout-column\"><div class=\"fusion-title title fusion-title-30 fusion-sep-none fusion-title-text fusion-title-size-three\" style=\"--awb-margin-top-small:10px;--awb-margin-right-small:0px;--awb-margin-bottom-small:20px;--awb-margin-left-small:0px;\"><h3 class=\"fusion-title-heading title-heading-left fusion-responsive-typography-calculated\" style=\"margin:0;--fontSize:24;line-height:1.4;\">China: Resiliencia y desarrollo<\/h3><\/div><div class=\"fusion-title title fusion-title-31 fusion-sep-none fusion-title-text fusion-title-size-four\" style=\"--awb-margin-top-small:10px;--awb-margin-right-small:0px;--awb-margin-bottom-small:20px;--awb-margin-left-small:0px;\"><h4 class=\"fusion-title-heading title-heading-left fusion-responsive-typography-calculated\" style=\"margin:0;--fontSize:15;--minFontSize:15;line-height:1.67;\">Elda Molina D\u00edaz y\u00a0Eduardo Regalado Florido<\/h4><\/div><div class=\"fusion-text fusion-text-16\" style=\"--awb-content-alignment:justify;\"><p>En 2021 la econom\u00eda china creci\u00f3 en m\u00e1s de 8% demostrando su resiliencia y robustez ante un escenario complejo, tanto en el \u00e1mbito interno como externo. Asimismo, el pa\u00eds contin\u00faa mostrando una posici\u00f3n relevante en el \u00e1mbito econ\u00f3mico global, sobre todo en el comercio y tambi\u00e9n, aunque en menor medida, en las finanzas internacionales. Sin embargo, ello no significa que China haya resuelto las dificultades asociadas a la crisis derivada de la pandemia de la COVID-19 y a otros problemas que ven\u00edan gest\u00e1ndose desde antes, que de alguna manera se vieron precipitados en el actual contexto. El objetivo del trabajo es mostrar el desempe\u00f1o econ\u00f3mico de China en los \u00faltimos dos a\u00f1os, sintetizar los principales aspectos que constituyen las causas de tal comportamiento, as\u00ed como sus implicaciones para el pa\u00eds y para la econom\u00eda internacional, por su importancia en el escenario global.<\/p>\n<\/div><div class=\"fusion-separator\" style=\"align-self: center;margin-left: auto;margin-right: auto;margin-top:0px;margin-bottom:15px;width:100%;max-width:170px;\"><\/div><div style=\"text-align:center;\"><a class=\"fusion-button button-flat button-medium button-default fusion-button-default button-15 fusion-button-span-no fusion-button-default-type\" target=\"_self\" href=\"https:\/\/avech.org\/en\/china-resiliencia-y-desarrollo\/\"><span class=\"fusion-button-text awb-button__text awb-button__text--default\">M\u00e1s Informaci\u00f3n<\/span><\/a><\/div><\/div><\/div><\/div><\/div><div class=\"fusion-fullwidth fullwidth-box fusion-builder-row-17 fusion-flex-container nonhundred-percent-fullwidth non-hundred-percent-height-scrolling\" style=\"--awb-background-position:left top;--awb-border-sizes-top:0px;--awb-border-sizes-bottom:0px;--awb-border-sizes-left:0px;--awb-border-sizes-right:0px;--awb-border-radius-top-left:0px;--awb-border-radius-top-right:0px;--awb-border-radius-bottom-right:0px;--awb-border-radius-bottom-left:0px;--awb-padding-top:90px;--awb-padding-right:50px;--awb-padding-bottom:20px;--awb-padding-left:50px;--awb-padding-top-medium:60px;--awb-flex-wrap:wrap;\" ><div class=\"fusion-builder-row fusion-row fusion-flex-align-items-center fusion-flex-justify-content-center fusion-flex-content-wrap\" style=\"max-width:1331.2px;margin-left: calc(-4% \/ 2 );margin-right: calc(-4% \/ 2 );\"><div class=\"fusion-layout-column fusion_builder_column fusion-builder-column-33 fusion_builder_column_2_3 2_3 fusion-flex-column\" style=\"--awb-bg-size:cover;--awb-width-large:66.666666666667%;--awb-margin-top-large:10px;--awb-spacing-right-large:2.88%;--awb-margin-bottom-large:30px;--awb-spacing-left-large:2.88%;--awb-width-medium:100%;--awb-spacing-right-medium:1.92%;--awb-spacing-left-medium:1.92%;--awb-width-small:100%;--awb-spacing-right-small:1.92%;--awb-spacing-left-small:1.92%;\"><div class=\"fusion-column-wrapper fusion-flex-justify-content-flex-start fusion-content-layout-column\"><div class=\"fusion-title title fusion-title-32 fusion-sep-none fusion-title-text fusion-title-size-three\" style=\"--awb-margin-top-small:10px;--awb-margin-right-small:0px;--awb-margin-bottom-small:20px;--awb-margin-left-small:0px;\"><h3 class=\"fusion-title-heading title-heading-left fusion-responsive-typography-calculated\" style=\"margin:0;--fontSize:24;line-height:1.4;\"><strong>Transformaciones en la matriz energ\u00e9tica de la Rep\u00fablica Popular China<\/strong><\/h3><\/div><div class=\"fusion-title title fusion-title-33 fusion-sep-none fusion-title-text fusion-title-size-four\" style=\"--awb-margin-top-small:10px;--awb-margin-right-small:0px;--awb-margin-bottom-small:20px;--awb-margin-left-small:0px;\"><h4 class=\"fusion-title-heading title-heading-left fusion-responsive-typography-calculated\" style=\"margin:0;--fontSize:15;--minFontSize:15;line-height:1.67;\">Rachel M. Arencibia Casanova<\/h4><\/div><div class=\"fusion-text fusion-text-17\" style=\"--awb-content-alignment:justify;\"><div class=\"fusion-text fusion-text-1\">\n<p>Actualmente la Rep\u00fablica Popular de China es el mayor mercado mundial de energ\u00edas renovables, aunque por otro lado, se mantiene siendo el mayor consumidor de carb\u00f3n y, en consecuencia, el mayor emisor de di\u00f3xido de carbono del mundo. La naci\u00f3n todav\u00eda depende en gran medida de las exportaciones de petr\u00f3leo y gas para sus necesidades industriales. Por lo tanto, ampliar las fuentes y capacidades de suministro de energ\u00eda, baja en emisiones de carbono, deber\u00e1 fungir como premisa desde el corto plazo, con el prop\u00f3sito de consolidar su desarrollo socioecon\u00f3mico de cara al 2050. Los retos y desaf\u00edos del gigante asi\u00e1tico estar\u00e1n ligados a potenciar su seguridad energ\u00e9tica. Por ende, su crecimiento sostenido econ\u00f3mico est\u00e1 asociado al aumento de sus capacidades end\u00f3genas en el campo de las energ\u00edas limpias y sostenibles.<\/p>\n<\/div>\n<\/div><div class=\"fusion-separator\" style=\"align-self: center;margin-left: auto;margin-right: auto;margin-top:0px;margin-bottom:15px;width:100%;max-width:170px;\"><\/div><div style=\"text-align:center;\"><a class=\"fusion-button button-flat button-medium button-default fusion-button-default button-16 fusion-button-span-no fusion-button-default-type\" target=\"_self\" href=\"https:\/\/avech.org\/en\/transformaciones-en-la-matriz-energetica-de-la-republica-popular-china\/\"><span class=\"fusion-button-text awb-button__text awb-button__text--default\">M\u00e1s Informaci\u00f3n<\/span><\/a><\/div><\/div><\/div><div class=\"fusion-layout-column fusion_builder_column fusion-builder-column-34 fusion_builder_column_1_3 1_3 fusion-flex-column fusion-no-small-visibility\" style=\"--awb-bg-size:cover;--awb-width-large:33.333333333333%;--awb-margin-top-large:10px;--awb-spacing-right-large:5.76%;--awb-margin-bottom-large:10px;--awb-spacing-left-large:5.76%;--awb-width-medium:100%;--awb-spacing-right-medium:1.92%;--awb-spacing-left-medium:1.92%;--awb-width-small:100%;--awb-spacing-right-small:1.92%;--awb-spacing-left-small:1.92%;\"><div class=\"fusion-column-wrapper fusion-flex-justify-content-flex-start fusion-content-layout-column\"><div class=\"fusion-image-element\" style=\"text-align:center;--awb-max-width:300px;--awb-caption-title-font-family:var(--h2_typography-font-family);--awb-caption-title-font-weight:var(--h2_typography-font-weight);--awb-caption-title-font-style:var(--h2_typography-font-style);--awb-caption-title-size:var(--h2_typography-font-size);--awb-caption-title-transform:var(--h2_typography-text-transform);--awb-caption-title-line-height:var(--h2_typography-line-height);--awb-caption-title-letter-spacing:var(--h2_typography-letter-spacing);\"><span class=\"fusion-imageframe imageframe-none imageframe-16 hover-type-none\"><a class=\"fusion-no-lightbox\" href=\"https:\/\/avech.org\/en\/transformaciones-en-la-matriz-energetica-de-la-republica-popular-china\/\" target=\"_self\" aria-label=\"2. Home\"><img decoding=\"async\" width=\"450\" height=\"654\" src=\"https:\/\/avech.org\/wp-content\/uploads\/2024\/04\/2.-Home.png\" data-orig-src=\"https:\/\/avech.org\/wp-content\/uploads\/2024\/04\/2.-Home.png\" alt class=\"lazyload img-responsive wp-image-9107\" srcset=\"data:image\/svg+xml,%3Csvg%20xmlns%3D%27http%3A%2F%2Fwww.w3.org%2F2000%2Fsvg%27%20width%3D%27450%27%20height%3D%27654%27%20viewBox%3D%270%200%20450%20654%27%3E%3Crect%20width%3D%27450%27%20height%3D%27654%27%20fill-opacity%3D%220%22%2F%3E%3C%2Fsvg%3E\" data-srcset=\"https:\/\/avech.org\/wp-content\/uploads\/2024\/04\/2.-Home-200x291.png 200w, https:\/\/avech.org\/wp-content\/uploads\/2024\/04\/2.-Home-400x581.png 400w, https:\/\/avech.org\/wp-content\/uploads\/2024\/04\/2.-Home.png 450w\" data-sizes=\"auto\" data-orig-sizes=\"(max-width: 1024px) 100vw, (max-width: 640px) 100vw, 400px\" \/><\/a><\/span><\/div><\/div><\/div><\/div><\/div><div class=\"fusion-fullwidth fullwidth-box fusion-builder-row-18 fusion-flex-container nonhundred-percent-fullwidth non-hundred-percent-height-scrolling\" style=\"--awb-background-position:left top;--awb-border-sizes-top:0px;--awb-border-sizes-bottom:0px;--awb-border-sizes-left:0px;--awb-border-sizes-right:0px;--awb-border-radius-top-left:0px;--awb-border-radius-top-right:0px;--awb-border-radius-bottom-right:0px;--awb-border-radius-bottom-left:0px;--awb-padding-top:90px;--awb-padding-right:50px;--awb-padding-bottom:20px;--awb-padding-left:50px;--awb-padding-top-medium:60px;--awb-flex-wrap:wrap;\" ><div class=\"fusion-builder-row fusion-row fusion-flex-align-items-center fusion-flex-justify-content-center fusion-flex-content-wrap\" style=\"max-width:1331.2px;margin-left: calc(-4% \/ 2 );margin-right: calc(-4% \/ 2 );\"><div class=\"fusion-layout-column fusion_builder_column fusion-builder-column-35 fusion_builder_column_1_3 1_3 fusion-flex-column fusion-no-small-visibility\" style=\"--awb-bg-size:cover;--awb-width-large:33.333333333333%;--awb-margin-top-large:10px;--awb-spacing-right-large:5.76%;--awb-margin-bottom-large:10px;--awb-spacing-left-large:5.76%;--awb-width-medium:100%;--awb-spacing-right-medium:1.92%;--awb-spacing-left-medium:1.92%;--awb-width-small:100%;--awb-spacing-right-small:1.92%;--awb-spacing-left-small:1.92%;\"><div class=\"fusion-column-wrapper fusion-flex-justify-content-flex-start fusion-content-layout-column\"><div class=\"fusion-image-element\" style=\"text-align:center;--awb-max-width:300px;--awb-caption-title-font-family:var(--h2_typography-font-family);--awb-caption-title-font-weight:var(--h2_typography-font-weight);--awb-caption-title-font-style:var(--h2_typography-font-style);--awb-caption-title-size:var(--h2_typography-font-size);--awb-caption-title-transform:var(--h2_typography-text-transform);--awb-caption-title-line-height:var(--h2_typography-line-height);--awb-caption-title-letter-spacing:var(--h2_typography-letter-spacing);\"><span class=\"fusion-imageframe imageframe-none imageframe-17 hover-type-none\"><a class=\"fusion-no-lightbox\" href=\"https:\/\/avech.org\/en\/el-globo-segun-china-una-lectura-de-la-iniciativa-para-la-seguridad-global\/\" target=\"_self\" aria-label=\"1. Publicaci\u00f3n\"><img decoding=\"async\" width=\"475\" height=\"691\" src=\"https:\/\/avech.org\/wp-content\/uploads\/2024\/07\/1.-Publicacion.png\" data-orig-src=\"https:\/\/avech.org\/wp-content\/uploads\/2024\/07\/1.-Publicacion.png\" alt class=\"lazyload img-responsive wp-image-9267\" srcset=\"data:image\/svg+xml,%3Csvg%20xmlns%3D%27http%3A%2F%2Fwww.w3.org%2F2000%2Fsvg%27%20width%3D%27475%27%20height%3D%27691%27%20viewBox%3D%270%200%20475%20691%27%3E%3Crect%20width%3D%27475%27%20height%3D%27691%27%20fill-opacity%3D%220%22%2F%3E%3C%2Fsvg%3E\" data-srcset=\"https:\/\/avech.org\/wp-content\/uploads\/2024\/07\/1.-Publicacion-200x291.png 200w, https:\/\/avech.org\/wp-content\/uploads\/2024\/07\/1.-Publicacion-400x582.png 400w, https:\/\/avech.org\/wp-content\/uploads\/2024\/07\/1.-Publicacion.png 475w\" data-sizes=\"auto\" data-orig-sizes=\"(max-width: 1024px) 100vw, (max-width: 640px) 100vw, 400px\" \/><\/a><\/span><\/div><\/div><\/div><div class=\"fusion-layout-column fusion_builder_column fusion-builder-column-36 fusion_builder_column_2_3 2_3 fusion-flex-column\" style=\"--awb-bg-size:cover;--awb-width-large:66.666666666667%;--awb-margin-top-large:10px;--awb-spacing-right-large:2.88%;--awb-margin-bottom-large:30px;--awb-spacing-left-large:2.88%;--awb-width-medium:100%;--awb-spacing-right-medium:1.92%;--awb-spacing-left-medium:1.92%;--awb-width-small:100%;--awb-spacing-right-small:1.92%;--awb-spacing-left-small:1.92%;\"><div class=\"fusion-column-wrapper fusion-flex-justify-content-flex-start fusion-content-layout-column\"><div class=\"fusion-title title fusion-title-34 fusion-sep-none fusion-title-text fusion-title-size-three\" style=\"--awb-margin-top-small:10px;--awb-margin-right-small:0px;--awb-margin-bottom-small:20px;--awb-margin-left-small:0px;\"><h3 class=\"fusion-title-heading title-heading-left fusion-responsive-typography-calculated\" style=\"margin:0;--fontSize:24;line-height:1.4;\">El Globo seg\u00fan China. Una lectura de la Iniciativa para la Seguridad Global<\/h3><\/div><div class=\"fusion-title title fusion-title-35 fusion-sep-none fusion-title-text fusion-title-size-four\" style=\"--awb-margin-top-small:10px;--awb-margin-right-small:0px;--awb-margin-bottom-small:20px;--awb-margin-left-small:0px;\"><h4 class=\"fusion-title-heading title-heading-left fusion-responsive-typography-calculated\" style=\"margin:0;--fontSize:15;--minFontSize:15;line-height:1.67;\">Edduar Bassan El Khuffash \u00c1lvarez<\/h4><\/div><div class=\"fusion-text fusion-text-18\" style=\"--awb-content-alignment:justify;\"><p>Desde la <em>Reforma y Apertura<\/em> econ\u00f3mica (1978), la pol\u00edtica exterior de la Rep\u00fablica Popular China ha tenido una agenda dominada por los asuntos econ\u00f3micos y comerciales. Sin desmarcarse de lo anterior, el presidente Xi Jinping ha sumado la cuesti\u00f3n relativa a la seguridad como nueva ancla de la estrategia internacional de Pek\u00edn. En ese sentido, y en el marco del plan para reformatear los pilares liberales de la gobernanza global, la canciller\u00eda china present\u00f3 en febrero de 2023, la Iniciativa para la Seguridad Global. A continuaci\u00f3n, y asistidos por las premisas te\u00f3ricas de la historia y de las relaciones internacionales, estudiaremos los conceptos y las prioridades de cooperaci\u00f3n enmarcados en el <em>Documento conceptual de la Iniciativa China de Seguridad Global<\/em>.<\/p>\n<\/div><div class=\"fusion-separator\" style=\"align-self: center;margin-left: auto;margin-right: auto;margin-top:0px;margin-bottom:15px;width:100%;max-width:170px;\"><\/div><div style=\"text-align:center;\"><a class=\"fusion-button button-flat button-medium button-default fusion-button-default button-17 fusion-button-span-no fusion-button-default-type\" target=\"_self\" href=\"https:\/\/avech.org\/en\/el-globo-segun-china-una-lectura-de-la-iniciativa-para-la-seguridad-global\/\"><span class=\"fusion-button-text awb-button__text awb-button__text--default\">M\u00e1s Informaci\u00f3n<\/span><\/a><\/div><\/div><\/div><\/div><\/div><div class=\"fusion-fullwidth fullwidth-box fusion-builder-row-19 fusion-flex-container nonhundred-percent-fullwidth non-hundred-percent-height-scrolling\" style=\"--awb-background-position:left top;--awb-border-sizes-top:0px;--awb-border-sizes-bottom:0px;--awb-border-sizes-left:0px;--awb-border-sizes-right:0px;--awb-border-radius-top-left:0px;--awb-border-radius-top-right:0px;--awb-border-radius-bottom-right:0px;--awb-border-radius-bottom-left:0px;--awb-padding-top:90px;--awb-padding-right:50px;--awb-padding-bottom:20px;--awb-padding-left:50px;--awb-padding-top-medium:60px;--awb-flex-wrap:wrap;\" ><div class=\"fusion-builder-row fusion-row fusion-flex-align-items-center fusion-flex-justify-content-center fusion-flex-content-wrap\" style=\"max-width:1331.2px;margin-left: calc(-4% \/ 2 );margin-right: calc(-4% \/ 2 );\"><div class=\"fusion-layout-column fusion_builder_column fusion-builder-column-37 fusion_builder_column_2_3 2_3 fusion-flex-column\" style=\"--awb-bg-size:cover;--awb-width-large:66.666666666667%;--awb-margin-top-large:10px;--awb-spacing-right-large:2.88%;--awb-margin-bottom-large:30px;--awb-spacing-left-large:2.88%;--awb-width-medium:100%;--awb-spacing-right-medium:1.92%;--awb-spacing-left-medium:1.92%;--awb-width-small:100%;--awb-spacing-right-small:1.92%;--awb-spacing-left-small:1.92%;\"><div class=\"fusion-column-wrapper fusion-flex-justify-content-flex-start fusion-content-layout-column\"><div class=\"fusion-title title fusion-title-36 fusion-sep-none fusion-title-text fusion-title-size-three\" style=\"--awb-margin-top-small:10px;--awb-margin-right-small:0px;--awb-margin-bottom-small:20px;--awb-margin-left-small:0px;\"><h3 class=\"fusion-title-heading title-heading-left fusion-responsive-typography-calculated\" style=\"margin:0;--fontSize:24;line-height:1.4;\"><strong>La pintura china y la educaci\u00f3n ambiental<\/strong><\/h3><\/div><div class=\"fusion-title title fusion-title-37 fusion-sep-none fusion-title-text fusion-title-size-four\" style=\"--awb-margin-top-small:10px;--awb-margin-right-small:0px;--awb-margin-bottom-small:20px;--awb-margin-left-small:0px;\"><h4 class=\"fusion-title-heading title-heading-left fusion-responsive-typography-calculated\" style=\"margin:0;--fontSize:15;--minFontSize:15;line-height:1.67;\">Bel\u00e9n Dorado Mar\u00edn de Espinosa<\/h4><\/div><div class=\"fusion-text fusion-text-19\" style=\"--awb-content-alignment:justify;\"><div class=\"fusion-text fusion-text-1\">\n<p>En China la pintura se concibi\u00f3 fruto de un pensamiento basado en la observaci\u00f3n de la naturaleza y en la comprensi\u00f3n de los elementos que conforman el todo del que el ser humano forma parte. As\u00ed, los pintores y cal\u00edgrafos chinos lograron ir m\u00e1s all\u00e1 de la mera apariencia f\u00edsica de los elementos y extrajeron de ellos lo que los hace \u00fanicos. A cada cosa se la dot\u00f3 de un lugar, y al ser humano le toc\u00f3 la parte m\u00e1s \u00ednfima y al mismo tiempo la tarea m\u00e1s ardua: mantener el equilibrio entre todas las cosas que componen el entorno. Observar fue la clave para el desarrollo de los g\u00e9neros de la pintura china, y plasmar lo v\u00edvido de las cosas al espectador convierte a la pintura china en un medio para comprender la armon\u00eda de la naturaleza, necesaria para la vida y preservaci\u00f3n de cuanto existe bajo el cielo.<\/p>\n<\/div>\n<\/div><div class=\"fusion-separator\" style=\"align-self: center;margin-left: auto;margin-right: auto;margin-top:0px;margin-bottom:15px;width:100%;max-width:170px;\"><\/div><div style=\"text-align:center;\"><a class=\"fusion-button button-flat button-medium button-default fusion-button-default button-18 fusion-button-span-no fusion-button-default-type\" target=\"_self\" href=\"https:\/\/avech.org\/en\/la-pintura-china-y-la-educacion-ambiental\/\"><span class=\"fusion-button-text awb-button__text awb-button__text--default\">M\u00e1s Informaci\u00f3n<\/span><\/a><\/div><\/div><\/div><div class=\"fusion-layout-column fusion_builder_column fusion-builder-column-38 fusion_builder_column_1_3 1_3 fusion-flex-column fusion-no-small-visibility\" style=\"--awb-bg-size:cover;--awb-width-large:33.333333333333%;--awb-margin-top-large:10px;--awb-spacing-right-large:5.76%;--awb-margin-bottom-large:10px;--awb-spacing-left-large:5.76%;--awb-width-medium:100%;--awb-spacing-right-medium:1.92%;--awb-spacing-left-medium:1.92%;--awb-width-small:100%;--awb-spacing-right-small:1.92%;--awb-spacing-left-small:1.92%;\"><div class=\"fusion-column-wrapper fusion-flex-justify-content-flex-start fusion-content-layout-column\"><div class=\"fusion-image-element\" style=\"text-align:center;--awb-max-width:300px;--awb-caption-title-font-family:var(--h2_typography-font-family);--awb-caption-title-font-weight:var(--h2_typography-font-weight);--awb-caption-title-font-style:var(--h2_typography-font-style);--awb-caption-title-size:var(--h2_typography-font-size);--awb-caption-title-transform:var(--h2_typography-text-transform);--awb-caption-title-line-height:var(--h2_typography-line-height);--awb-caption-title-letter-spacing:var(--h2_typography-letter-spacing);\"><span class=\"fusion-imageframe imageframe-none imageframe-18 hover-type-none\"><a class=\"fusion-no-lightbox\" href=\"https:\/\/avech.org\/en\/la-pintura-china-y-la-educacion-ambiental\/\" target=\"_self\" aria-label=\"4. Publicaci\u00f3n\"><img decoding=\"async\" width=\"475\" height=\"691\" src=\"https:\/\/avech.org\/wp-content\/uploads\/2024\/10\/4.-Publicacion.png\" data-orig-src=\"https:\/\/avech.org\/wp-content\/uploads\/2024\/10\/4.-Publicacion.png\" alt class=\"lazyload img-responsive wp-image-9386\" srcset=\"data:image\/svg+xml,%3Csvg%20xmlns%3D%27http%3A%2F%2Fwww.w3.org%2F2000%2Fsvg%27%20width%3D%27475%27%20height%3D%27691%27%20viewBox%3D%270%200%20475%20691%27%3E%3Crect%20width%3D%27475%27%20height%3D%27691%27%20fill-opacity%3D%220%22%2F%3E%3C%2Fsvg%3E\" data-srcset=\"https:\/\/avech.org\/wp-content\/uploads\/2024\/10\/4.-Publicacion-200x291.png 200w, https:\/\/avech.org\/wp-content\/uploads\/2024\/10\/4.-Publicacion-400x582.png 400w, https:\/\/avech.org\/wp-content\/uploads\/2024\/10\/4.-Publicacion.png 475w\" data-sizes=\"auto\" data-orig-sizes=\"(max-width: 1024px) 100vw, (max-width: 640px) 100vw, 400px\" \/><\/a><\/span><\/div><\/div><\/div><\/div><\/div><div class=\"fusion-fullwidth fullwidth-box fusion-builder-row-20 fusion-flex-container nonhundred-percent-fullwidth non-hundred-percent-height-scrolling\" style=\"--awb-background-position:left top;--awb-border-sizes-top:0px;--awb-border-sizes-bottom:0px;--awb-border-sizes-left:0px;--awb-border-sizes-right:0px;--awb-border-radius-top-left:0px;--awb-border-radius-top-right:0px;--awb-border-radius-bottom-right:0px;--awb-border-radius-bottom-left:0px;--awb-padding-top:90px;--awb-padding-right:50px;--awb-padding-bottom:20px;--awb-padding-left:50px;--awb-padding-top-medium:60px;--awb-flex-wrap:wrap;\" ><div class=\"fusion-builder-row fusion-row fusion-flex-align-items-center fusion-flex-justify-content-center fusion-flex-content-wrap\" style=\"max-width:1331.2px;margin-left: calc(-4% \/ 2 );margin-right: calc(-4% \/ 2 );\"><div class=\"fusion-layout-column fusion_builder_column fusion-builder-column-39 fusion_builder_column_1_3 1_3 fusion-flex-column fusion-no-small-visibility\" style=\"--awb-bg-size:cover;--awb-width-large:33.333333333333%;--awb-margin-top-large:10px;--awb-spacing-right-large:5.76%;--awb-margin-bottom-large:10px;--awb-spacing-left-large:5.76%;--awb-width-medium:100%;--awb-spacing-right-medium:1.92%;--awb-spacing-left-medium:1.92%;--awb-width-small:100%;--awb-spacing-right-small:1.92%;--awb-spacing-left-small:1.92%;\"><div class=\"fusion-column-wrapper fusion-flex-justify-content-flex-start fusion-content-layout-column\"><div class=\"fusion-image-element\" style=\"text-align:center;--awb-max-width:300px;--awb-caption-title-font-family:var(--h2_typography-font-family);--awb-caption-title-font-weight:var(--h2_typography-font-weight);--awb-caption-title-font-style:var(--h2_typography-font-style);--awb-caption-title-size:var(--h2_typography-font-size);--awb-caption-title-transform:var(--h2_typography-text-transform);--awb-caption-title-line-height:var(--h2_typography-line-height);--awb-caption-title-letter-spacing:var(--h2_typography-letter-spacing);\"><span class=\"fusion-imageframe imageframe-none imageframe-19 hover-type-none\"><a class=\"fusion-no-lightbox\" href=\"https:\/\/avech.org\/en\/relaciones-bilaterales-china-uruguay\/\" target=\"_self\" aria-label=\"2. Publicaci\u00f3n\"><img decoding=\"async\" width=\"475\" height=\"678\" src=\"https:\/\/avech.org\/wp-content\/uploads\/2025\/04\/2.-Publicacion.png\" data-orig-src=\"https:\/\/avech.org\/wp-content\/uploads\/2025\/04\/2.-Publicacion.png\" alt class=\"lazyload img-responsive wp-image-9478\" srcset=\"data:image\/svg+xml,%3Csvg%20xmlns%3D%27http%3A%2F%2Fwww.w3.org%2F2000%2Fsvg%27%20width%3D%27475%27%20height%3D%27678%27%20viewBox%3D%270%200%20475%20678%27%3E%3Crect%20width%3D%27475%27%20height%3D%27678%27%20fill-opacity%3D%220%22%2F%3E%3C%2Fsvg%3E\" data-srcset=\"https:\/\/avech.org\/wp-content\/uploads\/2025\/04\/2.-Publicacion-200x285.png 200w, https:\/\/avech.org\/wp-content\/uploads\/2025\/04\/2.-Publicacion-400x571.png 400w, https:\/\/avech.org\/wp-content\/uploads\/2025\/04\/2.-Publicacion.png 475w\" data-sizes=\"auto\" data-orig-sizes=\"(max-width: 1024px) 100vw, (max-width: 640px) 100vw, 400px\" \/><\/a><\/span><\/div><\/div><\/div><div class=\"fusion-layout-column fusion_builder_column fusion-builder-column-40 fusion_builder_column_2_3 2_3 fusion-flex-column\" style=\"--awb-bg-size:cover;--awb-width-large:66.666666666667%;--awb-margin-top-large:10px;--awb-spacing-right-large:2.88%;--awb-margin-bottom-large:30px;--awb-spacing-left-large:2.88%;--awb-width-medium:100%;--awb-spacing-right-medium:1.92%;--awb-spacing-left-medium:1.92%;--awb-width-small:100%;--awb-spacing-right-small:1.92%;--awb-spacing-left-small:1.92%;\"><div class=\"fusion-column-wrapper fusion-flex-justify-content-flex-start fusion-content-layout-column\"><div class=\"fusion-title title fusion-title-38 fusion-sep-none fusion-title-text fusion-title-size-three\" style=\"--awb-margin-top-small:10px;--awb-margin-right-small:0px;--awb-margin-bottom-small:20px;--awb-margin-left-small:0px;\"><h3 class=\"fusion-title-heading title-heading-left fusion-responsive-typography-calculated\" style=\"margin:0;--fontSize:24;line-height:1.4;\">Relaciones bilaterales entre China y Uruguay: Antecedentes, temas y mecanismos<\/h3><\/div><div class=\"fusion-title title fusion-title-39 fusion-sep-none fusion-title-text fusion-title-size-four\" style=\"--awb-margin-top-small:10px;--awb-margin-right-small:0px;--awb-margin-bottom-small:20px;--awb-margin-left-small:0px;\"><h4 class=\"fusion-title-heading title-heading-left fusion-responsive-typography-calculated\" style=\"margin:0;--fontSize:15;--minFontSize:15;line-height:1.67;\">Andr\u00e9s Raggio<\/h4><\/div><div class=\"fusion-text fusion-text-20\" style=\"--awb-content-alignment:justify;\"><p>Las relaciones pol\u00edticas entre China y Uruguay en el siglo XXI evolucionaron considerablemente respecto al siglo XX. Las mismas se han dado en el marco de la pol\u00edtica exterior china multinivel (multilateral regional, bilateral nacional y bilateral local), y desarrollaron una amplitud tem\u00e1tica considerable, lo que implica una nueva etapa para las relaciones menos superficiales y m\u00e1s complejas. Su progreso estuvo centrado en el fortalecimiento de importantes canales de di\u00e1logo como mecanismos de interacci\u00f3n. Dichas relaciones pol\u00edticas deben seguir apostando por estos mecanismos y promover los planes de acci\u00f3n entre ambas partes, sea en el marco de iniciativas globales (asociaci\u00f3n estrat\u00e9gica) o desde las relaciones entre localidades.<\/p>\n<\/div><div class=\"fusion-separator\" style=\"align-self: center;margin-left: auto;margin-right: auto;margin-top:0px;margin-bottom:15px;width:100%;max-width:170px;\"><\/div><div style=\"text-align:center;\"><a class=\"fusion-button button-flat button-medium button-default fusion-button-default button-19 fusion-button-span-no fusion-button-default-type\" target=\"_self\" href=\"https:\/\/avech.org\/en\/relaciones-bilaterales-china-uruguay\/\"><span class=\"fusion-button-text awb-button__text awb-button__text--default\">M\u00e1s Informaci\u00f3n<\/span><\/a><\/div><\/div><\/div><\/div><\/div><div class=\"fusion-fullwidth fullwidth-box fusion-builder-row-21 fusion-flex-container nonhundred-percent-fullwidth non-hundred-percent-height-scrolling\" style=\"--awb-background-position:left top;--awb-border-sizes-top:0px;--awb-border-sizes-bottom:0px;--awb-border-sizes-left:0px;--awb-border-sizes-right:0px;--awb-border-radius-top-left:0px;--awb-border-radius-top-right:0px;--awb-border-radius-bottom-right:0px;--awb-border-radius-bottom-left:0px;--awb-padding-top:90px;--awb-padding-right:50px;--awb-padding-bottom:20px;--awb-padding-left:50px;--awb-padding-top-medium:60px;--awb-flex-wrap:wrap;\" ><div class=\"fusion-builder-row fusion-row fusion-flex-align-items-center fusion-flex-justify-content-center fusion-flex-content-wrap\" style=\"max-width:1331.2px;margin-left: calc(-4% \/ 2 );margin-right: calc(-4% \/ 2 );\"><div class=\"fusion-layout-column fusion_builder_column fusion-builder-column-41 fusion_builder_column_2_3 2_3 fusion-flex-column\" style=\"--awb-bg-size:cover;--awb-width-large:66.666666666667%;--awb-margin-top-large:10px;--awb-spacing-right-large:2.88%;--awb-margin-bottom-large:30px;--awb-spacing-left-large:2.88%;--awb-width-medium:100%;--awb-spacing-right-medium:1.92%;--awb-spacing-left-medium:1.92%;--awb-width-small:100%;--awb-spacing-right-small:1.92%;--awb-spacing-left-small:1.92%;\"><div class=\"fusion-column-wrapper fusion-flex-justify-content-flex-start fusion-content-layout-column\"><div class=\"fusion-title title fusion-title-40 fusion-sep-none fusion-title-text fusion-title-size-three\" style=\"--awb-margin-top-small:10px;--awb-margin-right-small:0px;--awb-margin-bottom-small:20px;--awb-margin-left-small:0px;\"><h3 class=\"fusion-title-heading title-heading-left fusion-responsive-typography-calculated\" style=\"margin:0;--fontSize:24;line-height:1.4;\"><strong>Hacia una <\/strong><strong>Comunidad de Destino de la Humanidad<\/strong><strong>:\u00a0<\/strong><strong>La Iniciativa para la Civilizaci\u00f3n Global<\/strong><\/h3><\/div><div class=\"fusion-title title fusion-title-41 fusion-sep-none fusion-title-text fusion-title-size-four\" style=\"--awb-margin-top-small:10px;--awb-margin-right-small:0px;--awb-margin-bottom-small:20px;--awb-margin-left-small:0px;\"><h4 class=\"fusion-title-heading title-heading-left fusion-responsive-typography-calculated\" style=\"margin:0;--fontSize:15;--minFontSize:15;line-height:1.67;\">Roberto Stekman Henriquez<\/h4><\/div><div class=\"fusion-text fusion-text-21\" style=\"--awb-content-alignment:justify;\"><div class=\"fusion-text fusion-text-1\">\n<p>Desde su fundaci\u00f3n en 1949, la pol\u00edtica exterior de la Rep\u00fablica Popular China ha transitado de la consolidaci\u00f3n nacional hacia una proyecci\u00f3n internacional cada vez m\u00e1s activa. Bajo el liderazgo de Xi Jinping, esta trayectoria ha cristalizado en la propuesta Comunidad de Destino de la Humanidad, que busca redefinir los pilares de la gobernanza global m\u00e1s all\u00e1 del paradigma liberal occidental. En este marco, Xi Jiping lanz\u00f3 en 2023 la Iniciativa para la Civilizaci\u00f3n Global, orientada a situar la diversidad cultural y el di\u00e1logo entre civilizaciones como fundamentos de la cooperaci\u00f3n internacional. A continuaci\u00f3n, y asistidos por un enfoque hist\u00f3rico-discursivo y comparativo bajo el paradigma constructivista, se examinan los conceptos, principios y mecanismos de cooperaci\u00f3n que sustentan la Iniciativa para la Civilizaci\u00f3n Global, as\u00ed como su potencial para articular un orden internacional alternativo.<\/p>\n<\/div>\n<\/div><div class=\"fusion-separator\" style=\"align-self: center;margin-left: auto;margin-right: auto;margin-top:0px;margin-bottom:15px;width:100%;max-width:170px;\"><\/div><div style=\"text-align:center;\"><a class=\"fusion-button button-flat button-medium button-default fusion-button-default button-20 fusion-button-span-no fusion-button-default-type\" target=\"_self\" href=\"https:\/\/avech.org\/en\/cdh-la-iniciativa-para-la-civilizacion-global\/\"><span class=\"fusion-button-text awb-button__text awb-button__text--default\">M\u00e1s Informaci\u00f3n<\/span><\/a><\/div><\/div><\/div><div class=\"fusion-layout-column fusion_builder_column fusion-builder-column-42 fusion_builder_column_1_3 1_3 fusion-flex-column fusion-no-small-visibility\" style=\"--awb-bg-size:cover;--awb-width-large:33.333333333333%;--awb-margin-top-large:10px;--awb-spacing-right-large:5.76%;--awb-margin-bottom-large:10px;--awb-spacing-left-large:5.76%;--awb-width-medium:100%;--awb-spacing-right-medium:1.92%;--awb-spacing-left-medium:1.92%;--awb-width-small:100%;--awb-spacing-right-small:1.92%;--awb-spacing-left-small:1.92%;\"><div class=\"fusion-column-wrapper fusion-flex-justify-content-flex-start fusion-content-layout-column\"><div class=\"fusion-image-element\" style=\"text-align:center;--awb-max-width:300px;--awb-caption-title-font-family:var(--h2_typography-font-family);--awb-caption-title-font-weight:var(--h2_typography-font-weight);--awb-caption-title-font-style:var(--h2_typography-font-style);--awb-caption-title-size:var(--h2_typography-font-size);--awb-caption-title-transform:var(--h2_typography-text-transform);--awb-caption-title-line-height:var(--h2_typography-line-height);--awb-caption-title-letter-spacing:var(--h2_typography-letter-spacing);\"><span class=\"fusion-imageframe imageframe-none imageframe-20 hover-type-none\"><a class=\"fusion-no-lightbox\" href=\"https:\/\/avech.org\/en\/cdh-la-iniciativa-para-la-civilizacion-global\/\" target=\"_self\" aria-label=\"3. Publicaci\u00f2n\"><img decoding=\"async\" width=\"475\" height=\"678\" src=\"https:\/\/avech.org\/wp-content\/uploads\/2025\/09\/3.-Publicacion.png\" data-orig-src=\"https:\/\/avech.org\/wp-content\/uploads\/2025\/09\/3.-Publicacion.png\" alt class=\"lazyload img-responsive wp-image-9557\" srcset=\"data:image\/svg+xml,%3Csvg%20xmlns%3D%27http%3A%2F%2Fwww.w3.org%2F2000%2Fsvg%27%20width%3D%27475%27%20height%3D%27678%27%20viewBox%3D%270%200%20475%20678%27%3E%3Crect%20width%3D%27475%27%20height%3D%27678%27%20fill-opacity%3D%220%22%2F%3E%3C%2Fsvg%3E\" data-srcset=\"https:\/\/avech.org\/wp-content\/uploads\/2025\/09\/3.-Publicacion-200x285.png 200w, https:\/\/avech.org\/wp-content\/uploads\/2025\/09\/3.-Publicacion-400x571.png 400w, https:\/\/avech.org\/wp-content\/uploads\/2025\/09\/3.-Publicacion.png 475w\" data-sizes=\"auto\" data-orig-sizes=\"(max-width: 1024px) 100vw, (max-width: 640px) 100vw, 400px\" \/><\/a><\/span><\/div><\/div><\/div><\/div><\/div><div class=\"fusion-fullwidth fullwidth-box fusion-builder-row-22 fusion-flex-container nonhundred-percent-fullwidth non-hundred-percent-height-scrolling\" style=\"--awb-background-position:left top;--awb-border-sizes-top:0px;--awb-border-sizes-bottom:0px;--awb-border-sizes-left:0px;--awb-border-sizes-right:0px;--awb-border-radius-top-left:0px;--awb-border-radius-top-right:0px;--awb-border-radius-bottom-right:0px;--awb-border-radius-bottom-left:0px;--awb-padding-top:90px;--awb-padding-right:50px;--awb-padding-bottom:20px;--awb-padding-left:50px;--awb-padding-top-medium:60px;--awb-flex-wrap:wrap;\" ><div class=\"fusion-builder-row fusion-row fusion-flex-align-items-center fusion-flex-justify-content-center fusion-flex-content-wrap\" style=\"max-width:1331.2px;margin-left: calc(-4% \/ 2 );margin-right: calc(-4% \/ 2 );\"><div class=\"fusion-layout-column fusion_builder_column fusion-builder-column-43 fusion_builder_column_1_3 1_3 fusion-flex-column fusion-no-small-visibility\" style=\"--awb-bg-size:cover;--awb-width-large:33.333333333333%;--awb-margin-top-large:10px;--awb-spacing-right-large:5.76%;--awb-margin-bottom-large:10px;--awb-spacing-left-large:5.76%;--awb-width-medium:100%;--awb-spacing-right-medium:1.92%;--awb-spacing-left-medium:1.92%;--awb-width-small:100%;--awb-spacing-right-small:1.92%;--awb-spacing-left-small:1.92%;\"><div class=\"fusion-column-wrapper fusion-flex-justify-content-flex-start fusion-content-layout-column\"><div class=\"fusion-image-element\" style=\"text-align:center;--awb-max-width:300px;--awb-caption-title-font-family:var(--h2_typography-font-family);--awb-caption-title-font-weight:var(--h2_typography-font-weight);--awb-caption-title-font-style:var(--h2_typography-font-style);--awb-caption-title-size:var(--h2_typography-font-size);--awb-caption-title-transform:var(--h2_typography-text-transform);--awb-caption-title-line-height:var(--h2_typography-line-height);--awb-caption-title-letter-spacing:var(--h2_typography-letter-spacing);\"><span class=\"fusion-imageframe imageframe-none imageframe-21 hover-type-none\"><a class=\"fusion-no-lightbox\" href=\"https:\/\/avech.org\/en\/archivo\/pensamiento-clasico-chino-confucianismo-y-daoismo\/\" target=\"_self\" aria-label=\"2. Publicaci\u00f3n\"><img decoding=\"async\" width=\"475\" height=\"691\" src=\"https:\/\/avech.org\/wp-content\/uploads\/2026\/08\/2.-Publicacion.png\" data-orig-src=\"https:\/\/avech.org\/wp-content\/uploads\/2026\/08\/2.-Publicacion.png\" alt class=\"lazyload img-responsive wp-image-11152\" srcset=\"data:image\/svg+xml,%3Csvg%20xmlns%3D%27http%3A%2F%2Fwww.w3.org%2F2000%2Fsvg%27%20width%3D%27475%27%20height%3D%27691%27%20viewBox%3D%270%200%20475%20691%27%3E%3Crect%20width%3D%27475%27%20height%3D%27691%27%20fill-opacity%3D%220%22%2F%3E%3C%2Fsvg%3E\" data-srcset=\"https:\/\/avech.org\/wp-content\/uploads\/2026\/08\/2.-Publicacion-200x291.png 200w, https:\/\/avech.org\/wp-content\/uploads\/2026\/08\/2.-Publicacion-400x582.png 400w, https:\/\/avech.org\/wp-content\/uploads\/2026\/08\/2.-Publicacion.png 475w\" data-sizes=\"auto\" data-orig-sizes=\"(max-width: 1024px) 100vw, (max-width: 640px) 100vw, 400px\" \/><\/a><\/span><\/div><\/div><\/div><div class=\"fusion-layout-column fusion_builder_column fusion-builder-column-44 fusion_builder_column_2_3 2_3 fusion-flex-column\" style=\"--awb-bg-size:cover;--awb-width-large:66.666666666667%;--awb-margin-top-large:10px;--awb-spacing-right-large:2.88%;--awb-margin-bottom-large:30px;--awb-spacing-left-large:2.88%;--awb-width-medium:100%;--awb-spacing-right-medium:1.92%;--awb-spacing-left-medium:1.92%;--awb-width-small:100%;--awb-spacing-right-small:1.92%;--awb-spacing-left-small:1.92%;\"><div class=\"fusion-column-wrapper fusion-flex-justify-content-flex-start fusion-content-layout-column\"><div class=\"fusion-title title fusion-title-42 fusion-sep-none fusion-title-text fusion-title-size-three\" style=\"--awb-margin-top-small:10px;--awb-margin-right-small:0px;--awb-margin-bottom-small:20px;--awb-margin-left-small:0px;\"><h3 class=\"fusion-title-heading title-heading-left fusion-responsive-typography-calculated\" style=\"margin:0;--fontSize:24;line-height:1.4;\">Classical Chinese Thought: Confucianism and Daoism<\/h3><\/div><div class=\"fusion-title title fusion-title-43 fusion-sep-none fusion-title-text fusion-title-size-four\" style=\"--awb-margin-top-small:10px;--awb-margin-right-small:0px;--awb-margin-bottom-small:20px;--awb-margin-left-small:0px;\"><h4 class=\"fusion-title-heading title-heading-left fusion-responsive-typography-calculated\" style=\"margin:0;--fontSize:15;--minFontSize:15;line-height:1.67;\">Julio L\u00f3pez Saco<\/h4><\/div><div class=\"fusion-text fusion-text-22\" style=\"--awb-content-alignment:justify;\"><p>Este texto es una introducci\u00f3n acad\u00e9mica al confucianismo y el dao\u00edsmo como pilares aut\u00f3ctonos de la espiritualidad y el pensamiento chinos, ambos nacidos en la crisis de la dinast\u00eda Zhou (siglos VIII-III a.e.c.). Se exploran sus or\u00edgenes hist\u00f3ricos, los principios clave, como la \u00e9tica relacional y los rituales, en el confucianismo, as\u00ed como la armon\u00eda con el D\u00e0o, la no-acci\u00f3n y las pr\u00e1cticas para alcanzar la inmortalidad, en el dao\u00edsmo, a trav\u00e9s de obras cl\u00e1sicas, como <em>Daodejing<\/em> o <em>Zhuangzi<\/em>, y su sincretismo en el arte, la pol\u00edtica y la sociedad china. Se detallan, adem\u00e1s, las escuelas dao\u00edstas religiosas (Maestros Celestiales, Shangqing, Lingbao, Quanzhen, Zhengyi), los rituales alqu\u00edmicos y su influencia en la literatura, la medicina y hasta la cultura visual. Se concluye enfatizando la vigencia de las ideas confucianas y las nociones dao\u00edstas en la \u00e9tica moderna china, adem\u00e1s de remarcar su pervivencia hist\u00f3rica en la China contempor\u00e1nea.<\/p>\n<\/div><div class=\"fusion-separator\" style=\"align-self: center;margin-left: auto;margin-right: auto;margin-top:0px;margin-bottom:15px;width:100%;max-width:170px;\"><\/div><div style=\"text-align:center;\"><a class=\"fusion-button button-flat button-medium button-default fusion-button-default button-21 fusion-button-span-no fusion-button-span-default-medium fusion-button-default-type\" target=\"_self\" href=\"https:\/\/avech.org\/en\/archivo\/pensamiento-clasico-chino-confucianismo-y-daoismo\/\"><span class=\"fusion-button-text awb-button__text awb-button__text--default\">M\u00e1s Informaci\u00f3n<\/span><\/a><\/div><\/div><\/div><\/div><\/div><\/p>","protected":false},"excerpt":{"rendered":"","protected":false},"author":3,"featured_media":0,"parent":0,"menu_order":0,"comment_status":"closed","ping_status":"closed","template":"","meta":{"footnotes":""},"class_list":["post-3175","page","type-page","status-publish","hentry"],"_links":{"self":[{"href":"https:\/\/avech.org\/en\/wp-json\/wp\/v2\/pages\/3175","targetHints":{"allow":["GET"]}}],"collection":[{"href":"https:\/\/avech.org\/en\/wp-json\/wp\/v2\/pages"}],"about":[{"href":"https:\/\/avech.org\/en\/wp-json\/wp\/v2\/types\/page"}],"author":[{"embeddable":true,"href":"https:\/\/avech.org\/en\/wp-json\/wp\/v2\/users\/3"}],"replies":[{"embeddable":true,"href":"https:\/\/avech.org\/en\/wp-json\/wp\/v2\/comments?post=3175"}],"version-history":[{"count":53,"href":"https:\/\/avech.org\/en\/wp-json\/wp\/v2\/pages\/3175\/revisions"}],"predecessor-version":[{"id":11156,"href":"https:\/\/avech.org\/en\/wp-json\/wp\/v2\/pages\/3175\/revisions\/11156"}],"wp:attachment":[{"href":"https:\/\/avech.org\/en\/wp-json\/wp\/v2\/media?parent=3175"}],"curies":[{"name":"wp","href":"https:\/\/api.w.org\/{rel}","templated":true}]}}